{"id":512,"date":"2018-01-11T10:13:28","date_gmt":"2018-01-11T10:13:28","guid":{"rendered":"http:\/\/regresenger.com\/?page_id=512"},"modified":"2019-05-05T14:01:13","modified_gmt":"2019-05-05T14:01:13","slug":"laguna-dos-reinos-2","status":"publish","type":"page","link":"https:\/\/regresenger.com\/?page_id=512","title":{"rendered":"Laguna Dos Reinos"},"content":{"rendered":"<p>La laguna de Dos Reinos tiene su origen en una peque\u00f1a zona endorreica, recrecida para riego con motivo de las obras del canal de las Bardenas y posteriormente acondicionada con fines recreativos. En 1987 fue cedida por el IRYDA al Gobierno de Navarra. En agosto 2011 entre varios vecinos de Figarol y Carcastillo se habl\u00f3 la posibilidad de crear una asociaci\u00f3n para dar a conocer la flora y fauna que habitan en nuestra estanca.<br \/>\nTenemos cerca de casa, uno de los humedales m\u00e1s importantes de Navarra siendo el AVETORO ,una especie muy rara la estrella de la laguna.<br \/>\n-El 25 de agosto de 2011 nace la asociaci\u00f3n con una campa\u00f1a de captaci\u00f3n de socios.<br \/>\n-El dia 24 noviembre 2011 queda registrada en el gobierno de Navarra como \u201cASOCIACI\u00d3N AMIGOS LAGUNA DOS REINOS\u201d.<\/p>\n<p>Enlace a la web oficial de la asociaci\u00f3n Laguna Dos Reinos\u00a0\u00a0<a href=\"http:\/\/lagunadosreinos.org\/\" target=\"_blank\" rel=\"noopener\">www.lagunadosreinos.org<\/a><\/p>\n<p><a href=\"https:\/\/regresenger.com\/?page_id=519\" target=\"_blank\" rel=\"noopener\">Un poco de historia sobre la laguna Dos Reinos y su habitats<\/a><\/p>\n<p><a href=\"https:\/\/regresenger.com\/?page_id=687\" target=\"_blank\" rel=\"noopener\">Proyectos pendientes de ejecuci\u00f3n y realizados<\/a><\/p>\n<p><a href=\"https:\/\/regresenger.com\/?page_id=525\" target=\"_blank\" rel=\"noopener\">Fotograf\u00edas sobre la Laguna Dos Reinos.<\/a><\/p>\n<p><a href=\"https:\/\/regresenger.com\/wp-content\/uploads\/2018\/01\/planolaguna.png\" target=\"_blank\" rel=\"noopener\">Plano\u00a0 Laguna Dos Reinos<\/a><\/p>\n<p><a href=\"https:\/\/regresenger.com\/?page_id=537\" target=\"_blank\" rel=\"noopener\">Entrega simb\u00f3lico Avetoro de Oro<\/a><\/p>\n<p><a href=\"https:\/\/regresenger.com\/wp-content\/uploads\/2018\/01\/prensalagunaagosto2016.pdf\" target=\"_blank\" rel=\"noopener\">Prensa sobre la Laguna Dos Reinos<\/a><\/p>\n<h2>TODAS LAS ACTIVIDADES REALIZADAS 2011-2017<\/h2>\n<h2><strong>22 de Agosto de 2018, entrega del avetoro de oro 2018 a Eduardo Traguany Ortiz \u00abjabato\u00bb.<\/strong><\/h2>\n<p>Momentos antes del inicio de las fiestas patronales de Figarol\u00a0 entregamos\u00a0 el Avetoro de oro 2018 a t\u00edtulo p\u00f3stumo a Eduardo Traguany Ortiz, en la pe\u00f1a de los Tetos.<\/p>\n<p>As\u00ed, desde la Asociaci\u00f3n mostramos nuestro agradecimiento por su participaci\u00f3n y compromiso en la recuperaci\u00f3n de nuestro enclave natural \u201c Laguna Dos Reinos\u201d. Siempre estaba dispuesto a echarnos una mano en lo que fuera.<\/p>\n<p>Reconocer tambi\u00e9n su larga trayectoria de compromiso con Figarol. Sus a\u00f1os como presidente del Concejo, participando de actividades deportivas como presidente del Club de f\u00fatbol, actividades culturales\u2026\u2026\u2026 Los 21 a\u00f1os de hermanamiento con Malaussanne le deben mucho, como as\u00ed se lo demostraron en la localidad hermana el 23 de Junio en un sentido homenaje con palabras de cari\u00f1o y un olivo en su memoria.<\/p>\n<p>Tuvo una implicaci\u00f3n hasta el final con su pueblo y luch\u00f3 por \u00e9l.<\/p>\n<p>Hasta siempre Jabato.<\/p>\n<p><img loading=\"lazy\" decoding=\"async\" class=\"alignnone size-full wp-image-703\" src=\"https:\/\/regresenger.com\/wp-content\/uploads\/2018\/08\/edu.png\" alt=\"\" width=\"500\" height=\"667\" srcset=\"https:\/\/regresenger.com\/wp-content\/uploads\/2018\/08\/edu.png 500w, https:\/\/regresenger.com\/wp-content\/uploads\/2018\/08\/edu-225x300.png 225w\" sizes=\"auto, (max-width: 500px) 100vw, 500px\" \/><\/p>\n<p>&nbsp;<\/p>\n<p>&nbsp;<\/p>\n<h2><strong>16 de Junio de 2017, sesi\u00f3n de astronom\u00eda en el monasterio de la Oliva<\/strong><\/h2>\n<h5>ESCRITO\u00a0EL 18 JUNIO, 2017.<\/h5>\n<p>El pasado viernes 16 de Junio\u00a0 en el Monasterio de la Oliva\u00a0 se celebr\u00f3 una charla sobre astronom\u00eda\u00a0 y la posterior visualizaci\u00f3n con telescopios del firmamento. A pesar del calor reinante en la tarde-noche , no fue impedimento para que al\u00a0 evento acudieran m\u00e1s de 150 personas. La sesi\u00f3n fue organizada por la Agrupaci\u00f3n Astronom\u00eda Navarra, la Asociaci\u00f3n Laguna Dos Reinos y el Ayuntamiento de Carcastillo.<\/p>\n<p>Empez\u00f3 la jornada a las 20.30 h. de la tarde, con salida en grupo andando\u00a0 desde la casa consistorial de Carcastillo hasta el Monasterio de la Oliva, situado a unos 2 km. de Carcastillo. Para la buena observaci\u00f3n del cielo, es imprescindible huir de la contaminaci\u00f3n lum\u00ednica del pueblo y el monasterio \u00a0era ideal para la ocasi\u00f3n.<\/p>\n<p><img loading=\"lazy\" decoding=\"async\" class=\"alignnone wp-image-394 size-full\" src=\"https:\/\/regresenger.com\/wp-content\/uploads\/2017\/12\/avetoro-2017.jpg\" alt=\"\" width=\"580\" height=\"392\" srcset=\"https:\/\/regresenger.com\/wp-content\/uploads\/2017\/12\/avetoro-2017.jpg 580w, https:\/\/regresenger.com\/wp-content\/uploads\/2017\/12\/avetoro-2017-300x203.jpg 300w\" sizes=\"auto, (max-width: 580px) 100vw, 580px\" \/><\/p>\n<p>Para inaugurar la sesi\u00f3n de astronom\u00eda, a las 21:30 horas, la asociaci\u00f3n Laguna Dos Reinos a trav\u00e9s de su presidente David Miquel\u00e9iz , entreg\u00f3 el avetoro de oro 2017,\u00a0 a Jes\u00fas\u00a0 Manuel Larramendi, presidente\u00a0 del club deportivo Larrate, por su ascenso a la liga primera auton\u00f3mica de f\u00fatbol por primera vez en su historia. Tras los discursos de los presidentes, dio lugar a la charla sobre astronom\u00eda impartida por la Agrupaci\u00f3n de Astronom\u00eda Navarra.<\/p>\n<p><img loading=\"lazy\" decoding=\"async\" class=\"alignnone size-full wp-image-397\" src=\"https:\/\/regresenger.com\/wp-content\/uploads\/2017\/12\/charla-estrellas-2017.jpg\" alt=\"\" width=\"580\" height=\"435\" srcset=\"https:\/\/regresenger.com\/wp-content\/uploads\/2017\/12\/charla-estrellas-2017.jpg 580w, https:\/\/regresenger.com\/wp-content\/uploads\/2017\/12\/charla-estrellas-2017-300x225.jpg 300w\" sizes=\"auto, (max-width: 580px) 100vw, 580px\" \/><\/p>\n<p>I\u00f1igo S\u00e1nchez explic\u00f3\u00a0 a trav\u00e9s de una pantalla gigante los tipos de estrellas que existen, \u00a0nebulosas, constelaciones y los planetas que se visualizar\u00edan en los telescopios al caer la noche. La charla fue muy amena y los ni\u00f1os aguantaron hasta el final como se aprecia en la imagen e abajo.<\/p>\n<p><img loading=\"lazy\" decoding=\"async\" class=\"alignnone size-full wp-image-398\" src=\"https:\/\/regresenger.com\/wp-content\/uploads\/2017\/12\/charla-estrellas-2-2017.jpg\" alt=\"\" width=\"580\" height=\"435\" srcset=\"https:\/\/regresenger.com\/wp-content\/uploads\/2017\/12\/charla-estrellas-2-2017.jpg 580w, https:\/\/regresenger.com\/wp-content\/uploads\/2017\/12\/charla-estrellas-2-2017-300x225.jpg 300w\" sizes=\"auto, (max-width: 580px) 100vw, 580px\" \/><\/p>\n<h2>16 de Junio, sesi\u00f3n de astronom\u00eda en el Monasterio de la Oliva<\/h2>\n<h5><strong>ESCRITO \u00a0EL 1 JUNIO, 2017.<\/strong><\/h5>\n<p>CHARLA Y OBSERVACI\u00d3N CON TELESCOPIOS DE PLANETAS, ESTRELLAS EN EL MONASTERIO DE LA OLIVA<br \/>\nEl pr\u00f3ximo viernes 16 de Junio de 2017 si el tiempo y la ausencia de nubes lo permiten\u00a0(lo confirmaremos 3 d\u00edas antes del evento), se realizar\u00e1 una charla sobre astronom\u00eda impartida por la AGRUPACI\u00d3N DE ASTRONOM\u00cdA NAVARRA y posterior visualizaci\u00f3n con telescopios.<\/p>\n<p><img loading=\"lazy\" decoding=\"async\" class=\"alignnone size-full wp-image-399\" src=\"https:\/\/regresenger.com\/wp-content\/uploads\/2017\/12\/cartel-astronomia-carcastillofinalweb.png\" alt=\"\" width=\"580\" height=\"820\" srcset=\"https:\/\/regresenger.com\/wp-content\/uploads\/2017\/12\/cartel-astronomia-carcastillofinalweb.png 580w, https:\/\/regresenger.com\/wp-content\/uploads\/2017\/12\/cartel-astronomia-carcastillofinalweb-212x300.png 212w\" sizes=\"auto, (max-width: 580px) 100vw, 580px\" \/><\/p>\n<p>PROGRAMA:<br \/>\n-20.30 h. Salida desde el ayuntamiento de Carcastillo para ir andando por el paseo hasta el monasterio de la Oliva.<br \/>\n-21.30 h. La asociaci\u00f3n Laguna Dos Reinos har\u00e1 entrega del avetoro de oro 2017 a las \u201cestrellas gal\u00e1cticas\u201d del C.D. LARRATE por su ascenso a la liga PRIMERA AUTON\u00d3MICA.<br \/>\n-21.35 h. Charla sobre astronom\u00eda con pantalla gigante, aprenderemos a orientarnos a trav\u00e9s de las estrellas, conoceremos las galaxias existentes, las constelaciones y los planetas que observaremos despu\u00e9s.<br \/>\n-22:30 h. Una vez terminada la charla y mientras montan los telescopios, aprovecharemos para CENAR. (hay que llevarse bocadillo y bebida).<br \/>\n-23.00 h. Visualizac\u00f3n del firmamento con los telescopios, veremos estrellas dobles, constelaciones, nebulosas, y es la fecha ideal para ver los planetas J\u00daPITER y SATURNO con sus espectaculares anillos.<br \/>\nPD: se ruega puntualidad a los actos programados, se habilitar\u00e1n papeleras para dejar el lugar limpio.<\/p>\n<p>Una vez terminada la charla, bien entrada la noche y\u00a0 mientras los aficionados astr\u00f3nomos montaban sus telescopios. Los asistentes aprovecharon para cenar.<\/p>\n<p>Sobre las 23:00 horas hasta pasadas la 01.00\u00a0 de la madrugada dio comienzo la observaci\u00f3n de estrellas y los planetas J\u00fapiter y Saturno. Tambi\u00e9n con la ayuda de un l\u00e1ser se observaron las constelaciones existentes.<\/p>\n<p>Desde la asociaci\u00f3n Laguna Dos reinos queremos agradecer al abad del monasterio de la Oliva por cedernos el lugar, al Ayuntamiento de Carcastillo por la cesi\u00f3n del mobiliario y sobre todo\u00a0 a toda la gente que acud\u00ed\u00f3 al evento a pesar del calor sofocante.<\/p>\n<h2>2 DE OCTUBRE 2016, D\u00cdA MUNDIAL DE LAS AVES<\/h2>\n<h5>ESCRITO\u00a0EL 17 OCTUBRE, 2017<\/h5>\n<p>Fant\u00e1stico d\u00eda que viv\u00edmos el 15 de Octubre en la Laguna, celebrando el d\u00eda mundial de las aves, como siempre estamos muy muy \u00a0agradecidos\u00a0a todos los asistentes, que pasamos un dia genial. GRACIAS.<\/p>\n<p><img loading=\"lazy\" decoding=\"async\" class=\"alignnone size-full wp-image-400\" src=\"https:\/\/regresenger.com\/wp-content\/uploads\/2017\/12\/15-octubre-2016.jpg\" alt=\"\" width=\"580\" height=\"264\" srcset=\"https:\/\/regresenger.com\/wp-content\/uploads\/2017\/12\/15-octubre-2016.jpg 580w, https:\/\/regresenger.com\/wp-content\/uploads\/2017\/12\/15-octubre-2016-300x137.jpg 300w\" sizes=\"auto, (max-width: 580px) 100vw, 580px\" \/><\/p>\n<p>Empezamos con la cronica de la jornada.<\/p>\n<p>En diciembre de 2015, se plantaron 350 \u00e1rboles en la laguna Dos Reinos, debido a que no llov\u00eda en mucho tiempo, decidimos hacer un voluntariado para regar los \u00e1rboles mediante cami\u00f3n cisterna, a cubos etc.. y de paso celebrar el d\u00eda internacional de las aves el s\u00e1bado 15 de Octubre.<\/p>\n<p><img loading=\"lazy\" decoding=\"async\" class=\"alignnone size-full wp-image-401\" src=\"https:\/\/regresenger.com\/wp-content\/uploads\/2017\/12\/arboles.jpg\" alt=\"\" width=\"580\" height=\"211\" srcset=\"https:\/\/regresenger.com\/wp-content\/uploads\/2017\/12\/arboles.jpg 580w, https:\/\/regresenger.com\/wp-content\/uploads\/2017\/12\/arboles-300x109.jpg 300w\" sizes=\"auto, (max-width: 580px) 100vw, 580px\" \/><\/p>\n<p>El d\u00eda 13 por por fin llovi\u00f3 y ya no hizo falta regarlos, los \u00e1rboles como se ven en la imagen , est\u00e1n creciendo perfectamente.<\/p>\n<p>Entonces decid\u00edmos hacer una serie de actividades debido al buen tiempo que ha hecho en Octubre, empezamos como siempre, una visita guiada para los mayores.<\/p>\n<p><img loading=\"lazy\" decoding=\"async\" class=\"alignnone size-full wp-image-402\" src=\"https:\/\/regresenger.com\/wp-content\/uploads\/2017\/12\/visitaguiada.jpg\" alt=\"\" width=\"580\" height=\"230\" srcset=\"https:\/\/regresenger.com\/wp-content\/uploads\/2017\/12\/visitaguiada.jpg 580w, https:\/\/regresenger.com\/wp-content\/uploads\/2017\/12\/visitaguiada-300x119.jpg 300w\" sizes=\"auto, (max-width: 580px) 100vw, 580px\" \/><\/p>\n<p>Para los ni\u00f1os una charla sobre mushing (trineos tirados por perros) impartida por la asociaci\u00f3n NAVARMUSHING y exhibici\u00f3n con los perros y el trineo.<\/p>\n<h2><strong><img loading=\"lazy\" decoding=\"async\" class=\"alignnone size-full wp-image-404\" src=\"https:\/\/regresenger.com\/wp-content\/uploads\/2017\/12\/musing.jpg\" alt=\"\" width=\"580\" height=\"392\" srcset=\"https:\/\/regresenger.com\/wp-content\/uploads\/2017\/12\/musing.jpg 580w, https:\/\/regresenger.com\/wp-content\/uploads\/2017\/12\/musing-300x203.jpg 300w\" sizes=\"auto, (max-width: 580px) 100vw, 580px\" \/><\/strong><\/h2>\n<p>Una vez terminada la charla la asociaci\u00f3n hizo entrega del avetoro de oro, en reconocimiento a la persona que ha destacado durante el a\u00f1o en lo deportivo, cultural \u00a0etc..este a\u00f1o hemos repartido dos, al campe\u00f3n de Espa\u00f1a al tiro al plato, Javier Ozcoz y \u00a0a Javier Galarreta en representaci\u00f3n de todos los voluntarios que contribuyeron en los fr\u00edos d\u00edas de diciembre de 2015 en la plantaci\u00f3n de \u00e1rboles y la construcci\u00f3n de las islas flotantes.<\/p>\n<p><img loading=\"lazy\" decoding=\"async\" class=\"alignnone size-full wp-image-406\" src=\"https:\/\/regresenger.com\/wp-content\/uploads\/2017\/12\/entrega-avetoro.jpg\" alt=\"\" width=\"580\" height=\"237\" srcset=\"https:\/\/regresenger.com\/wp-content\/uploads\/2017\/12\/entrega-avetoro.jpg 580w, https:\/\/regresenger.com\/wp-content\/uploads\/2017\/12\/entrega-avetoro-300x123.jpg 300w\" sizes=\"auto, (max-width: 580px) 100vw, 580px\" \/><\/p>\n<p>Cayendo la noche, una buena txistorrada y pancetada para todos los asistentes. En 50 a\u00f1os de existencia de la laguna, es la primera vez que el refugio esta ilumninado s\u00f3lo para esta ocasi\u00f3n.<\/p>\n<p><img loading=\"lazy\" decoding=\"async\" class=\"alignnone size-full wp-image-407\" src=\"https:\/\/regresenger.com\/wp-content\/uploads\/2017\/12\/cena.jpg\" alt=\"\" width=\"580\" height=\"226\" srcset=\"https:\/\/regresenger.com\/wp-content\/uploads\/2017\/12\/cena.jpg 580w, https:\/\/regresenger.com\/wp-content\/uploads\/2017\/12\/cena-300x117.jpg 300w\" sizes=\"auto, (max-width: 580px) 100vw, 580px\" \/><\/p>\n<p>Mientras se hac\u00eda la cena, al otro lado del refugio, cine para los ni\u00f1os, se proyect\u00f3 en pantalla gigante una pel\u00edcula infantil.<\/p>\n<p><img loading=\"lazy\" decoding=\"async\" class=\"alignnone size-full wp-image-408\" src=\"https:\/\/regresenger.com\/wp-content\/uploads\/2017\/12\/cine.jpg\" alt=\"\" width=\"580\" height=\"225\" srcset=\"https:\/\/regresenger.com\/wp-content\/uploads\/2017\/12\/cine.jpg 580w, https:\/\/regresenger.com\/wp-content\/uploads\/2017\/12\/cine-300x116.jpg 300w\" sizes=\"auto, (max-width: 580px) 100vw, 580px\" \/><\/p>\n<p>Y por fin el momento esperado por todos los ni\u00f1os, en silencio y cada uno con su linterna, un safari nocturno en busca de animales y\u00a0 charla de c\u00f3mo funciona la colocaci\u00f3n de c\u00e1mara de trampeo para detectar presencia de animales.<\/p>\n<p><img loading=\"lazy\" decoding=\"async\" class=\"alignnone size-full wp-image-409\" src=\"https:\/\/regresenger.com\/wp-content\/uploads\/2017\/12\/SAFARI.jpg\" alt=\"\" width=\"580\" height=\"229\" srcset=\"https:\/\/regresenger.com\/wp-content\/uploads\/2017\/12\/SAFARI.jpg 580w, https:\/\/regresenger.com\/wp-content\/uploads\/2017\/12\/SAFARI-300x118.jpg 300w\" sizes=\"auto, (max-width: 580px) 100vw, 580px\" \/><\/p>\n<p>Al d\u00eda siguiente, desayuno para todos los asistentes, \u00a0ruta tur\u00edstica en busca de las fotos trampeo colocadas el d\u00eda anterior y lo m\u00e1s improtante LIMPIEZA de todo el enclave natural.<\/p>\n<p><img loading=\"lazy\" decoding=\"async\" class=\"alignnone size-full wp-image-410\" src=\"https:\/\/regresenger.com\/wp-content\/uploads\/2017\/12\/desayuno.jpg\" alt=\"\" width=\"580\" height=\"229\" srcset=\"https:\/\/regresenger.com\/wp-content\/uploads\/2017\/12\/desayuno.jpg 580w, https:\/\/regresenger.com\/wp-content\/uploads\/2017\/12\/desayuno-300x118.jpg 300w\" sizes=\"auto, (max-width: 580px) 100vw, 580px\" \/><\/p>\n<h2>Vis\u00f3n Europeo en Figarol<\/h2>\n<h5>ESCRITO \u00a0EL 9 SEPTIEMBRE, 2016.<\/h5>\n<p>Aprovecho este comunicado para deciros que nuestra vecina\u00a0<strong>Rosa S\u00e1nchez<\/strong>\u00a0ha tenido el honor de ser la primera vecina de Figarol que ha observado una de nuestras joyas europeas que en habitan Figarol, el<strong>Vis\u00f3n europeo<\/strong>(<em>Mustela lutreola<\/em>) y no solo eso, sino que lo encontr\u00f3 malherido, encarg\u00e1ndose ella misma de activar la correspondiente alarma ambiental, con el resultado de la recogida del peque\u00f1o must\u00e9lido por los\u00a0<strong>Guardas Forestales del Gobierno de Navarra<\/strong>\u00a0y su internaci\u00f3n en el\u00a0<strong>Centro de Recuperaci\u00f3n de Fauna Silvestre de Ilundain<\/strong>.<\/p>\n<p>Esperamos que el Vis\u00f3n Europeo encontrado por Rosa vuelva sano y salvo a su casa, a Figarol.<\/p>\n<p><img loading=\"lazy\" decoding=\"async\" class=\"alignnone size-full wp-image-411\" src=\"https:\/\/regresenger.com\/wp-content\/uploads\/2017\/12\/vison.jpg\" alt=\"\" width=\"570\" height=\"323\" srcset=\"https:\/\/regresenger.com\/wp-content\/uploads\/2017\/12\/vison.jpg 570w, https:\/\/regresenger.com\/wp-content\/uploads\/2017\/12\/vison-300x170.jpg 300w\" sizes=\"auto, (max-width: 570px) 100vw, 570px\" \/><\/p>\n<p>A partir del d\u00eda 15 de octubre nuestra asociaci\u00f3n va a poner a la venta una serie de boletos para el sorteo de un m\u00f3vil de grandes prestaciones, necesitamos hacer este sorteo y recaudar fondos que nos permitan afrontar la deuda que tenemos con el Ayuntamiento de Carcastillo por la construcci\u00f3n de la Torre Caracol.<\/p>\n<p>Es nuestro deseo que particip\u00e9is en las actividades programadas en el D\u00eda Internacional de las Aves, como en el sorteo del m\u00f3vil, ya que de esta forma la asociaci\u00f3n podr\u00e1 seguir trabajando en el conocimiento y actividades en torno a la Laguna Dos Reinos.<\/p>\n<h2>la asociaci\u00f3n en la prensa<\/h2>\n<h5>ESCRITO\u00a0EL 6 SEPTIEMBRE, 2016.<\/h5>\n<p>Entrevista publicada por un peri\u00f3dico navarro a David y Antonio, miembros de la asociaci\u00f3n Laguna Dos Reinos, en la que exponen los inicios de la asociaci\u00f3n hasta los planes de futuro. Desde aqu\u00ed dar las gracias a la periodista Ainara Izco por la entrevista. <a href=\"https:\/\/regresenger.com\/wp-content\/uploads\/2017\/12\/prensalagunaagosto2016.pdf\" target=\"_blank\" rel=\"noopener\">AQUI<\/a><\/p>\n<p><img loading=\"lazy\" decoding=\"async\" class=\"alignnone size-full wp-image-412\" src=\"https:\/\/regresenger.com\/wp-content\/uploads\/2017\/12\/lagunadosreinos.jpg\" alt=\"\" width=\"560\" height=\"313\" srcset=\"https:\/\/regresenger.com\/wp-content\/uploads\/2017\/12\/lagunadosreinos.jpg 560w, https:\/\/regresenger.com\/wp-content\/uploads\/2017\/12\/lagunadosreinos-300x168.jpg 300w\" sizes=\"auto, (max-width: 560px) 100vw, 560px\" \/><\/p>\n<h2>Llegada a casa de nuestro lagunero m\u00e1s internacional<\/h2>\n<h5>ESCRITO\u00a0EL 20 AGOSTO, 2016.<\/h5>\n<p>Nuestro socio lagunero Juan Peralta Gasc\u00f3n, volvi\u00f3 a casa el 19-8-2016, despu\u00e9s de participar en los juegos ol\u00edmpicos de Rio 2016, bajo un sol sofocante, hacia las 4 de la tarde, fue recibido y aclamado \u00a0por sus vecinos de Figarol, un pueblo de poco m\u00e1s de 250 habitantes.Para los laguneros que no descansamos y que \u00a0le seguimos desde hace a\u00f1os, no solo fue un recibimiento, tambi\u00e9n es un punto de partida hacia los juegos ol\u00edmpicos de Tokio 2020. Animo y mucha suerte bala roja.<\/p>\n<p><img loading=\"lazy\" decoding=\"async\" class=\"alignnone size-full wp-image-413\" src=\"https:\/\/regresenger.com\/wp-content\/uploads\/2017\/12\/gente-y-logospek.png\" alt=\"\" width=\"580\" height=\"393\" srcset=\"https:\/\/regresenger.com\/wp-content\/uploads\/2017\/12\/gente-y-logospek.png 580w, https:\/\/regresenger.com\/wp-content\/uploads\/2017\/12\/gente-y-logospek-300x203.png 300w\" sizes=\"auto, (max-width: 580px) 100vw, 580px\" \/><\/p>\n<h2>Bandera ol\u00edmpica en la laguna Dos Reinos<\/h2>\n<h5>ESCRITO\u00a0EL 29 JULIO, 2016.<\/h5>\n<p>Hoy 27 de Julio 2016 uno de nuestros socios laguneros Juan Peralta Gasc\u00f3n alias \u201cbala roja\u201d viaja a las olimpiadas de RIO 2016.<\/p>\n<p>Desde la asociaci\u00f3n desearle un feliz viaje y que disfrute de sus segundas olimpiadas. El d\u00eda anterior las j\u00f3venes promesas laguneras \u00a0colocaron en lo alto del mirador de la laguna, \u00a0la bandera olimpica y pa\u00f1ulicos rojos para desearle suerte y fuerza. \u00a1AUPA BALA ROJA\u00a1<\/p>\n<p>En la edici\u00f3n impresa de hoy, en un peri\u00f3dico navarro sale la entrevista a nuestro lagunero.<\/p>\n<p><a href=\"https:\/\/regresenger.com\/wp-content\/uploads\/2017\/12\/entrevista-parte-1.pdf\">entrevista parte 1<\/a><\/p>\n<p><a href=\"https:\/\/regresenger.com\/wp-content\/uploads\/2017\/12\/entrevista-parte-2.pdf\">entrevista parte 2<\/a><\/p>\n<p><img loading=\"lazy\" decoding=\"async\" class=\"alignnone size-full wp-image-414\" src=\"https:\/\/regresenger.com\/wp-content\/uploads\/2017\/12\/torrecaracol.jpg\" alt=\"\" width=\"432\" height=\"768\" srcset=\"https:\/\/regresenger.com\/wp-content\/uploads\/2017\/12\/torrecaracol.jpg 432w, https:\/\/regresenger.com\/wp-content\/uploads\/2017\/12\/torrecaracol-169x300.jpg 169w\" sizes=\"auto, (max-width: 432px) 100vw, 432px\" \/><\/p>\n<p>PD: El 21 de Agosto 2016 ,una vez terminadas las olimpiadas, recogimos y guardamos la bandera olimpica hasta dentro de 4 a\u00f1os, los pa\u00f1uelos con bonitas dedicatorias, ah\u00ed se quedar\u00e1n hasta que el viento se los lleve.<\/p>\n<h2>Actos de vandalismo en la Laguna<\/h2>\n<p>ESCRITO \u00a0EL 26 JUNIO, 2016.<\/p>\n<p>\u00daltimamente en la laguna estamos viendo actos de vandalismo, son peque\u00f1os da\u00f1os, pero que \u00a0cuesta un dinero restaurar los da\u00f1os que se producen en la laguna.<\/p>\n<p>En la torre caracol faltan 6 barras de hierro, son barras \u00a0que protegen de riesgo de ca\u00eddas al subir a la torre caracol.<\/p>\n<p><img loading=\"lazy\" decoding=\"async\" class=\"alignnone size-full wp-image-418\" src=\"https:\/\/regresenger.com\/wp-content\/uploads\/2017\/12\/barraseguridadtorre.jpg\" alt=\"\" width=\"500\" height=\"667\" srcset=\"https:\/\/regresenger.com\/wp-content\/uploads\/2017\/12\/barraseguridadtorre.jpg 500w, https:\/\/regresenger.com\/wp-content\/uploads\/2017\/12\/barraseguridadtorre-225x300.jpg 225w\" sizes=\"auto, (max-width: 500px) 100vw, 500px\" \/><\/p>\n<p>El cartel en la que pone la historia de la laguna y la torre de caracol, ha desaparecido, han dejado el soporte de hierro\u2026deb\u00eda pesar mucho para llev\u00e1rselo tambi\u00e9n\u2026<\/p>\n<p><img loading=\"lazy\" decoding=\"async\" class=\"alignnone size-full wp-image-419\" src=\"https:\/\/regresenger.com\/wp-content\/uploads\/2017\/12\/carteltorre.jpg\" alt=\"\" width=\"497\" height=\"266\" srcset=\"https:\/\/regresenger.com\/wp-content\/uploads\/2017\/12\/carteltorre.jpg 497w, https:\/\/regresenger.com\/wp-content\/uploads\/2017\/12\/carteltorre-300x161.jpg 300w\" sizes=\"auto, (max-width: 497px) 100vw, 497px\" \/><\/p>\n<p>En cuanto podamos restauraremos el cartel y las barras de seguridad, de paso tenemos pendiente regar los 350 \u00e1rboles que plantamos en invierno.<\/p>\n<h2>ACTIVIDADES DEL D\u00cdA EUROPEO DE LA RED NATURA 2000 EN LA LAGUNA DOS REINOS DE FIGAROL<\/h2>\n<h5>ESCRITO\u00a0 EL 17 MAYO, 2016.<\/h5>\n<p><img loading=\"lazy\" decoding=\"async\" class=\"alignnone size-full wp-image-420\" src=\"https:\/\/regresenger.com\/wp-content\/uploads\/2017\/12\/diaeuropeo.jpg\" alt=\"\" width=\"560\" height=\"676\" srcset=\"https:\/\/regresenger.com\/wp-content\/uploads\/2017\/12\/diaeuropeo.jpg 560w, https:\/\/regresenger.com\/wp-content\/uploads\/2017\/12\/diaeuropeo-249x300.jpg 249w\" sizes=\"auto, (max-width: 560px) 100vw, 560px\" \/><\/p>\n<h2>Visita de nuestros amigos de Ecowildlife (15\/5\/2016)<\/h2>\n<p>ESCRITO\u00a0EL 17 MAYO, 2016.<\/p>\n<p>Un finde de encanto con nuestros amig@s de Ecowildlife. Gracias por visitarnos y disfrutar junto a nosotr@s.<br \/>\nAmistad, gastronom\u00eda, naturaleza, ornitolog\u00eda, bot\u00e1nica\u2026.. no se puede estar mejor.<br \/>\nBuen viaje y hasta pronto laguneros!!!!<\/p>\n<p><img loading=\"lazy\" decoding=\"async\" class=\"alignnone size-full wp-image-421\" src=\"https:\/\/regresenger.com\/wp-content\/uploads\/2017\/12\/laguna-dos-reinos2.jpg\" alt=\"\" width=\"500\" height=\"281\" srcset=\"https:\/\/regresenger.com\/wp-content\/uploads\/2017\/12\/laguna-dos-reinos2.jpg 500w, https:\/\/regresenger.com\/wp-content\/uploads\/2017\/12\/laguna-dos-reinos2-300x169.jpg 300w\" sizes=\"auto, (max-width: 500px) 100vw, 500px\" \/><\/p>\n<h2>Celebraci\u00f3n del d\u00eda de los humedales en Figarol<\/h2>\n<p>ESCRITO\u00a0EL 15 FEBRERO, 2016.<\/p>\n<p>\u00a1\u00a1\u00a1Hola laguner@s!!!<\/p>\n<p>En primer lugar agradeceros un mont\u00f3n a tod@s los voluntari@s que participasteis el d\u00eda 6 de febrero de 2016 en la celebraci\u00f3n del D\u00eda Internacional de los Humedales y el voluntariado medioambiental financiado por La Caixa.<\/p>\n<p>La asociaci\u00f3n se vio nuevamente apoyada por tod@s vosotr@s, a pesar de que recientemente se realiz\u00f3 otro voluntariado de las mismas caracter\u00edsticas. Nos sentimos muy orgullosos de la gente de Figarol y de aquellas personas que nos visitan y que sienten la laguna como un lugar donde aportar su tiempo por el bien del humedal.<\/p>\n<p>En esta ocasi\u00f3n entre los participantes del voluntariado se encontraban nada m\u00e1s y nada menos que la mayor responsable del medio ambiente en Navarra,\u00a0<strong>La Sra. Consejera de Desarrollo Rural, Medio Ambiente y Administraci\u00f3n Local, Isabel Elizalde<\/strong>. Adem\u00e1s vino acompa\u00f1ada de su\u00a0<strong>Directora General de Medio Amiente y Ordenaci\u00f3n del Territorio, La Sra. Eva Garc\u00eda.<\/strong><\/p>\n<p>Tambi\u00e9n agradecimos la participaci\u00f3n de nuestros representantes locales,\u00a0<strong>el Alcalde de Carcastillo, el Sr. Javier Igal, el Presidente del Concejo de Figarol, el Sr. Rafael Mart\u00ednez y en representaci\u00f3n de La Caixa, estuvo la Sra. Fermina Irigoyen.<\/strong><\/p>\n<p><img loading=\"lazy\" decoding=\"async\" class=\"alignnone size-full wp-image-422\" src=\"https:\/\/regresenger.com\/wp-content\/uploads\/2017\/12\/cuatro-fotos.jpg\" alt=\"\" width=\"570\" height=\"374\" srcset=\"https:\/\/regresenger.com\/wp-content\/uploads\/2017\/12\/cuatro-fotos.jpg 570w, https:\/\/regresenger.com\/wp-content\/uploads\/2017\/12\/cuatro-fotos-300x197.jpg 300w\" sizes=\"auto, (max-width: 570px) 100vw, 570px\" \/><\/p>\n<p>El voluntariado consisti\u00f3 en el montaje de una isla flotante de 50 metros cuadrados, la cual se cre\u00f3 a partir de la uni\u00f3n de 25 piezas de 2\u00d71 metros\u00a0 y el traslado y sujeci\u00f3n al interior de la laguna (este \u00faltimo trabajo se llev\u00f3 a cabo por los voluntarios acu\u00e1ticos).<em>Los islotes estaban formados por material flotante y distintas plantas hal\u00f3filas (juncos, lirios, etc)<\/em><\/p>\n<p><img loading=\"lazy\" decoding=\"async\" class=\"alignnone size-full wp-image-423\" src=\"https:\/\/regresenger.com\/wp-content\/uploads\/2017\/12\/isla.png\" alt=\"\" width=\"570\" height=\"303\" srcset=\"https:\/\/regresenger.com\/wp-content\/uploads\/2017\/12\/isla.png 570w, https:\/\/regresenger.com\/wp-content\/uploads\/2017\/12\/isla-300x159.png 300w\" sizes=\"auto, (max-width: 570px) 100vw, 570px\" \/><\/p>\n<p><em>La isla completada y protegida de ramas de pino (para permitir que la flora acu\u00e1tica surja, creando un microh\u00e1bitat para distintas especies que habitan el espacio natural).<\/em><\/p>\n<p>Una vez en el agua, la gran isla flotante fue trasladada al interior de la laguna por los valientes voluntarios acu\u00e1ticos. En su traslado sufrieron de lo lindo ya que el viento y el oleaje eran contrarios a la direcci\u00f3n donde se deb\u00eda de colocar la isla.<\/p>\n<p>A esta circunstancia hab\u00eda que a\u00f1adirle que adem\u00e1s de trasladar la isla, hubo que realizar varios traslados de 6 bloques de hormig\u00f3n de 40 Kg cada uno. Estos bloques permitir\u00e1n que la isla se quede estable en la l\u00e1mina de agua del humedal. Desde aqu\u00ed, miles de gracias\u00a0 a los voluntarios acu\u00e1ticos que pusieron mucho de su parte, \u00a1\u00a1\u00a1gracias de verdad!!!<\/p>\n<p><img loading=\"lazy\" decoding=\"async\" class=\"alignnone size-full wp-image-424\" src=\"https:\/\/regresenger.com\/wp-content\/uploads\/2017\/12\/blokes.png\" alt=\"\" width=\"570\" height=\"215\" srcset=\"https:\/\/regresenger.com\/wp-content\/uploads\/2017\/12\/blokes.png 570w, https:\/\/regresenger.com\/wp-content\/uploads\/2017\/12\/blokes-300x113.png 300w\" sizes=\"auto, (max-width: 570px) 100vw, 570px\" \/><\/p>\n<p>Durante toda la ma\u00f1ana, estuvimos acompa\u00f1ados por las damas grises de Europa, las Grullas comunes (<em>Grus grus),\u00a0<\/em>estas preciosas aves, \u00a0han elegido de nuevo, el entorno del humedal como lugar de invernada y nos deleitaron con sus grandiosos vuelos y\u00a0 melodiosos trompeteos.<\/p>\n<p><img loading=\"lazy\" decoding=\"async\" class=\"alignnone size-full wp-image-425\" src=\"https:\/\/regresenger.com\/wp-content\/uploads\/2017\/12\/fotosaves.jpg\" alt=\"\" width=\"570\" height=\"192\" srcset=\"https:\/\/regresenger.com\/wp-content\/uploads\/2017\/12\/fotosaves.jpg 570w, https:\/\/regresenger.com\/wp-content\/uploads\/2017\/12\/fotosaves-300x101.jpg 300w\" sizes=\"auto, (max-width: 570px) 100vw, 570px\" \/><\/p>\n<p><img loading=\"lazy\" decoding=\"async\" class=\"alignnone size-full wp-image-426\" src=\"https:\/\/regresenger.com\/wp-content\/uploads\/2017\/12\/grullas.jpg\" alt=\"\" width=\"570\" height=\"379\" srcset=\"https:\/\/regresenger.com\/wp-content\/uploads\/2017\/12\/grullas.jpg 570w, https:\/\/regresenger.com\/wp-content\/uploads\/2017\/12\/grullas-300x199.jpg 300w\" sizes=\"auto, (max-width: 570px) 100vw, 570px\" \/><\/p>\n<p>Despu\u00e9s de la colocaci\u00f3n de las islas flotantes, se hizo una visita guiada conociendo flora y fauna alrededor de la laguna.<\/p>\n<p><img loading=\"lazy\" decoding=\"async\" class=\"alignnone size-full wp-image-427\" src=\"https:\/\/regresenger.com\/wp-content\/uploads\/2017\/12\/guiaturistica.jpg\" alt=\"\" width=\"570\" height=\"427\" srcset=\"https:\/\/regresenger.com\/wp-content\/uploads\/2017\/12\/guiaturistica.jpg 570w, https:\/\/regresenger.com\/wp-content\/uploads\/2017\/12\/guiaturistica-300x225.jpg 300w\" sizes=\"auto, (max-width: 570px) 100vw, 570px\" \/><\/p>\n<p>La visita acab\u00f3 en la torre caracol, se prepar\u00f3 un peque\u00f1o acto de apoyo \u00a0a uno de nuestros voluntarios (Juan Peralta Gasc\u00f3n, Ol\u00edmpico en Londres 2012) para darle \u00e1nimos y mucha fuerza, que \u00a0d\u00edas m\u00e1s tarde partir\u00e1 \u00a0para Londres a competir en la \u00faltima prueba del campeonato del mundo de ciclismo en pista\u2026unos punticos m\u00e1s y estaremos en las olimpiadas de RIO 2016. Se colocaron en lo alto del mirador de la torre un m\u00e1stil con las dos banderas, la bandera OL\u00cdMPICA y la de RED NATURA 2000.<\/p>\n<p><img loading=\"lazy\" decoding=\"async\" class=\"alignnone size-full wp-image-428\" src=\"https:\/\/regresenger.com\/wp-content\/uploads\/2017\/12\/banderas.png\" alt=\"\" width=\"570\" height=\"428\" srcset=\"https:\/\/regresenger.com\/wp-content\/uploads\/2017\/12\/banderas.png 570w, https:\/\/regresenger.com\/wp-content\/uploads\/2017\/12\/banderas-300x225.png 300w\" sizes=\"auto, (max-width: 570px) 100vw, 570px\" \/><\/p>\n<p><em>Para finalizar la jornada del voluntariado se realiz\u00f3 un almuerzo en el refugio de la laguna, posteriormente realizamos una foto de grupo con la imagen de la mariposa, gesto, con el que la RED NATURA 2000, a la que pertenecemos,\u00a0 quiere darse a conocer.<\/em><\/p>\n<p><img loading=\"lazy\" decoding=\"async\" class=\"alignnone size-full wp-image-429\" src=\"https:\/\/regresenger.com\/wp-content\/uploads\/2017\/12\/foto8.jpg\" alt=\"\" width=\"560\" height=\"420\" srcset=\"https:\/\/regresenger.com\/wp-content\/uploads\/2017\/12\/foto8.jpg 560w, https:\/\/regresenger.com\/wp-content\/uploads\/2017\/12\/foto8-300x225.jpg 300w\" sizes=\"auto, (max-width: 560px) 100vw, 560px\" \/><\/p>\n<h2>Dia mundial de los Humedales (2 de Febrero 2016)<\/h2>\n<h5>ESCRITO\u00a0EL 20 ENERO, 2016.<\/h5>\n<p><img loading=\"lazy\" decoding=\"async\" class=\"alignnone size-full wp-image-430\" src=\"https:\/\/regresenger.com\/wp-content\/uploads\/2017\/12\/febrero-2016-finalpek.jpg\" alt=\"\" width=\"570\" height=\"806\" srcset=\"https:\/\/regresenger.com\/wp-content\/uploads\/2017\/12\/febrero-2016-finalpek.jpg 570w, https:\/\/regresenger.com\/wp-content\/uploads\/2017\/12\/febrero-2016-finalpek-212x300.jpg 212w\" sizes=\"auto, (max-width: 570px) 100vw, 570px\" \/><\/p>\n<p><img loading=\"lazy\" decoding=\"async\" class=\"alignnone size-full wp-image-431\" src=\"https:\/\/regresenger.com\/wp-content\/uploads\/2017\/12\/febrero-2016pek.jpg\" alt=\"\" width=\"570\" height=\"810\" srcset=\"https:\/\/regresenger.com\/wp-content\/uploads\/2017\/12\/febrero-2016pek.jpg 570w, https:\/\/regresenger.com\/wp-content\/uploads\/2017\/12\/febrero-2016pek-211x300.jpg 211w\" sizes=\"auto, (max-width: 570px) 100vw, 570px\" \/><\/p>\n<h2><strong>Colocaci\u00f3n islas flotantes y 350 \u00e1rboles en la Laguna Dos Reinos<\/strong><\/h2>\n<h5>ESCRITO\u00a0EL 27 DICIEMBRE, 2015.<\/h5>\n<p>El d\u00eda 26 de Diciembre 2015, en una ma\u00f1ana fr\u00eda y con niebla, no fue obst\u00e1culo para los m\u00e1s de 75 voluntarios que se animaron a colaborar en los actos programados en la Laguna Dos Reinos. Lo primero que hicimos fue montar y sujetar los 25 islotes de 2 x 1 metros cuadrados en dos islas de unos 25 metros cuadrados y a continuaci\u00f3n sumergirlas en el agua para que los 4 voluntarios acu\u00e1ticos lo llevar\u00e1n al centro de la Laguna.<\/p>\n<p><img loading=\"lazy\" decoding=\"async\" class=\"alignnone size-full wp-image-432\" src=\"https:\/\/regresenger.com\/wp-content\/uploads\/2017\/12\/islasflotantes.jpg\" alt=\"\" width=\"570\" height=\"477\" srcset=\"https:\/\/regresenger.com\/wp-content\/uploads\/2017\/12\/islasflotantes.jpg 570w, https:\/\/regresenger.com\/wp-content\/uploads\/2017\/12\/islasflotantes-300x251.jpg 300w\" sizes=\"auto, (max-width: 570px) 100vw, 570px\" \/><\/p>\n<p>A continuaci\u00f3n el\u00a0almuerzo para coger fuerzas de cara a la plantaci\u00f3n, en la que se degustaron panceta y txistorra acompa\u00f1ado de buen vino y un reconfortante colacao \u00a0caliente para aliviar el fr\u00edo reinante.<\/p>\n<p><img loading=\"lazy\" decoding=\"async\" class=\"alignnone size-full wp-image-433\" src=\"https:\/\/regresenger.com\/wp-content\/uploads\/2017\/12\/voluntariado.jpg\" alt=\"\" width=\"570\" height=\"249\" srcset=\"https:\/\/regresenger.com\/wp-content\/uploads\/2017\/12\/voluntariado.jpg 570w, https:\/\/regresenger.com\/wp-content\/uploads\/2017\/12\/voluntariado-300x131.jpg 300w\" sizes=\"auto, (max-width: 570px) 100vw, 570px\" \/><\/p>\n<p>Despu\u00e9s de almorzar, lleg\u00f3 el momento de la plantaci\u00f3n, cada uno con su papel, unos cavando, otros llevando las plantas o cubos de agua hasta completar las 350 plantas en el espacio previamente preparado por nuestro tractorista y amigo Jos\u00e9.<\/p>\n<p><img loading=\"lazy\" decoding=\"async\" class=\"alignnone size-full wp-image-434\" src=\"https:\/\/regresenger.com\/wp-content\/uploads\/2017\/12\/plantacion.png\" alt=\"\" width=\"570\" height=\"477\" srcset=\"https:\/\/regresenger.com\/wp-content\/uploads\/2017\/12\/plantacion.png 570w, https:\/\/regresenger.com\/wp-content\/uploads\/2017\/12\/plantacion-300x251.png 300w\" sizes=\"auto, (max-width: 570px) 100vw, 570px\" \/><\/p>\n<p>video de la plantaci\u00f3n cedido por Eduardo<\/p>\n<p><a href=\"http:\/\/lagunadosreinos.org\/wp-content\/uploads\/2015\/12\/videoeduardo.mp4?_=1\">http:\/\/lagunadosreinos.org\/wp-content\/uploads\/2015\/12\/videoeduardo.mp4?_=1<\/a><\/p>\n<p>Otros voluntarios se dedicaron al montaje y colocaci\u00f3n de la nueva mesa en el refugio, la anterior mesa \u00a0estuvo durante muchos a\u00f1os y desapareci\u00f3 hace poco. esperamos que esta no se la lleven.<\/p>\n<p><img loading=\"lazy\" decoding=\"async\" class=\"alignnone size-full wp-image-436\" src=\"https:\/\/regresenger.com\/wp-content\/uploads\/2017\/12\/montajemesa.png\" alt=\"\" width=\"570\" height=\"394\" srcset=\"https:\/\/regresenger.com\/wp-content\/uploads\/2017\/12\/montajemesa.png 570w, https:\/\/regresenger.com\/wp-content\/uploads\/2017\/12\/montajemesa-300x207.png 300w\" sizes=\"auto, (max-width: 570px) 100vw, 570px\" \/><\/p>\n<p>Puedes ver todas las fotos\u00a0<a href=\"https:\/\/www.facebook.com\/alberto.deleonecay\/media_set?set=a.10208098182402095.1073741840.1526112097&amp;type=3&amp;comment_id=10208098748056236&amp;notif_t=like&amp;hc_location=ufi\" target=\"_blank\" rel=\"noopener\">AQUI<\/a><\/p>\n<p>Desde la asociaci\u00f3n dar las gracias a\u00a0<strong>TODOS<\/strong>\u00a0los que han participado en este proyecto.<\/p>\n<h2>APADRINA TU ARBOL O ISLA FLOTANTE<\/h2>\n<h5>ESCRITO\u00a0EL 27 NOVIEMBRE, 2015.<\/h5>\n<p>El s\u00e1bado 26 de Diciembre del 2015 , voluntariado de la asociaci\u00f3n Laguna Dos Reinos y \u00a0patrocinados por el Gobierno de Navarra, la obra social \u201cLa Caixa\u201d y GANASA, realizar\u00e1n las siguientes actividades en el enclave natural Laguna Dos Reinos:<\/p>\n<p>\u2013 Plantaci\u00f3n en mosaico de especies arbustivas y de matorrales (350 unidades). La longitud del camino a plantar es de 175 m. y la anchura de roturaci\u00f3n es de 8m., resultando una superficie de 1400 m\u00b2.<\/p>\n<p>-Montaje, ensamblaje y traslado \u00a0de las islas flotantes para\u00a0incrementar la superficie de \u00a0zonas de refugio y reproducci\u00f3n para las aves en el interior de la Laguna Dos Reinos.<\/p>\n<p>-Montaje y colocaci\u00f3n de la nueva mesa en el ref\u00fagio ubicado dentro del enclave natural.<\/p>\n<p>Necesitamos VOLUNTARIOS para realizar todas estas operaciones, PARTICIPA.<\/p>\n<p><img loading=\"lazy\" decoding=\"async\" class=\"alignnone size-full wp-image-437\" src=\"https:\/\/regresenger.com\/wp-content\/uploads\/2017\/12\/apadrinatuarbol.jpg\" alt=\"\" width=\"550\" height=\"778\" srcset=\"https:\/\/regresenger.com\/wp-content\/uploads\/2017\/12\/apadrinatuarbol.jpg 550w, https:\/\/regresenger.com\/wp-content\/uploads\/2017\/12\/apadrinatuarbol-212x300.jpg 212w\" sizes=\"auto, (max-width: 550px) 100vw, 550px\" \/><\/p>\n<h2>Consulta p\u00fablica para el plan de gesti\u00f3n en la laguna dos reinos<\/h2>\n<h5>ESCRITO\u00a0EL 15 SEPTIEMBRE, 2015.<\/h5>\n<p>Estimados laguner@s:<br \/>\nDesde el Departamento de Desarrollo Rural, Medio Ambiente y Administraci\u00f3n Local se est\u00e1 trabajando en la redacci\u00f3n del Plan de Gesti\u00f3n del Lugar de Importancia Comunitaria (LIC) Estanca de los Dos Reinos, espacio de la Red Natura 2000 en Navarra.<br \/>\nCon el objeto de recabar informaci\u00f3n, opiniones y sugerencias de la poblaci\u00f3n local que puedan mejorar la Bases T\u00e9cnicas para el citado Plan de Gesti\u00f3n, se va a desarrollar un proceso de consulta p\u00fablica del que queremos informarte a trav\u00e9s de esta carta.<br \/>\nEl Ayuntamiento de Carcastillo, el Concejo de Figarol y esta web son los lugares en los que estar\u00e1 disponible desde el d\u00eda 7 de septiembre la documentaci\u00f3n que se detalla a continuaci\u00f3n, para su consulta por parte de toda persona o entidad interesada y donde se recoger\u00e1n las aportaciones realizadas (informaci\u00f3n tambi\u00e9n en la web de la asociaci\u00f3n pero las aportaciones es necesario realizarlas en el Concejo y Ayuntamiento o bien hablar con las personas que componemos la asociaci\u00f3n).<br \/>\n\u2022<a href=\"https:\/\/regresenger.com\/wp-content\/uploads\/2017\/12\/BORRADOR-BASES-TECNICAS-ESTANCA-DE-LOS-DOS-REINOS.pdf\" target=\"_blank\" rel=\"noopener\">BORRADOR-BASES-TECNICAS-ESTANCA-DE-LOS-DOS-REINOS<\/a><br \/>\n\u2022 <a href=\"https:\/\/regresenger.com\/wp-content\/uploads\/2017\/12\/Sint\u00e9tico-ESTANCA-DE-LOS-DOS-REINOS.pdf\" target=\"_blank\" rel=\"noopener\">Sint\u00e9tico-ESTANCA-DE-LOS-DOS-REINOS<\/a><br \/>\n\u2022 Mapas del LIC : <a href=\"https:\/\/regresenger.com\/wp-content\/uploads\/2017\/12\/Dos-Reinos-mapa1.pdf\" target=\"_blank\" rel=\"noopener\">Dos-Reinos-mapa1<\/a>\u00a0 y <a href=\"https:\/\/regresenger.com\/wp-content\/uploads\/2017\/12\/Dos-Reinos-mapa2.pdf\" target=\"_blank\" rel=\"noopener\">Dos-Reinos-mapa2<\/a><br \/>\n\u2022 <a href=\"https:\/\/regresenger.com\/wp-content\/uploads\/2017\/12\/listado-parcelas-DOS-REINOS.pdf\" target=\"_blank\" rel=\"noopener\">listado-parcelas-DOS-REINOS<\/a><\/p>\n<h2>Excursi\u00f3n a la laguna y a una granja de cabras<\/h2>\n<h5>ESCRITO\u00a0EL 25 AGOSTO, 2015.<\/h5>\n<p>La comisi\u00f3n del \u00a0hermanamiento entre el pueblo navarro Figarol y el pueblo franc\u00e9s Malaussanne organizaron el d\u00eda 25 de Agosto, una excursi\u00f3n a la laguna Dos Reinos y a una granja de cabras cercana a la laguna.<\/p>\n<p><img loading=\"lazy\" decoding=\"async\" class=\"alignnone size-full wp-image-443\" src=\"https:\/\/regresenger.com\/wp-content\/uploads\/2017\/12\/laguna2015.jpg\" alt=\"\" width=\"560\" height=\"420\" srcset=\"https:\/\/regresenger.com\/wp-content\/uploads\/2017\/12\/laguna2015.jpg 560w, https:\/\/regresenger.com\/wp-content\/uploads\/2017\/12\/laguna2015-300x225.jpg 300w\" sizes=\"auto, (max-width: 560px) 100vw, 560px\" \/><\/p>\n<p>La excursi\u00f3n empez\u00f3 a las 9 de la ma\u00f1ana, la salida fue desde Figarol, muchos excursionistas fueron en bicicleta y en coches para el aprovisionamiento, asistieron al evento cerca de 40 personas y como se puede ver en la foto hacia un magn\u00edfico d\u00eda.<\/p>\n<p><img loading=\"lazy\" decoding=\"async\" class=\"alignnone size-full wp-image-444\" src=\"https:\/\/regresenger.com\/wp-content\/uploads\/2017\/12\/2.jpg\" alt=\"\" width=\"560\" height=\"215\" srcset=\"https:\/\/regresenger.com\/wp-content\/uploads\/2017\/12\/2.jpg 560w, https:\/\/regresenger.com\/wp-content\/uploads\/2017\/12\/2-300x115.jpg 300w\" sizes=\"auto, (max-width: 560px) 100vw, 560px\" \/><\/p>\n<p>La primera parte de la excursi\u00f3n ,se empez\u00f3 por una visita guiada por toda la laguna impartida por David y al termino de la gu\u00eda,se hizo un peque\u00f1o descanso para almorzar y coger algo de fuerzas.<\/p>\n<p><img loading=\"lazy\" decoding=\"async\" class=\"alignnone size-full wp-image-445\" src=\"https:\/\/regresenger.com\/wp-content\/uploads\/2017\/12\/1.jpg\" alt=\"\" width=\"560\" height=\"420\" srcset=\"https:\/\/regresenger.com\/wp-content\/uploads\/2017\/12\/1.jpg 560w, https:\/\/regresenger.com\/wp-content\/uploads\/2017\/12\/1-300x225.jpg 300w\" sizes=\"auto, (max-width: 560px) 100vw, 560px\" \/><\/p>\n<p>La segunda parte de la excursi\u00f3n consisti\u00f3 en visitar una granja de cabras situada muy cerca de la laguna, se hizo una degustaci\u00f3n de leche y queso. Sobre la 13h acab\u00f3 la excursi\u00f3n organizada por la comisi\u00f3n jumelage Figarol-Malaussanne \u00a0y con la colaboraci\u00f3n de la asociaci\u00f3n Laguna Dos Reinos y la granja del moro.<\/p>\n<p><img loading=\"lazy\" decoding=\"async\" class=\"alignnone size-full wp-image-446\" src=\"https:\/\/regresenger.com\/wp-content\/uploads\/2017\/12\/cabras.jpg\" alt=\"\" width=\"560\" height=\"420\" srcset=\"https:\/\/regresenger.com\/wp-content\/uploads\/2017\/12\/cabras.jpg 560w, https:\/\/regresenger.com\/wp-content\/uploads\/2017\/12\/cabras-300x225.jpg 300w\" sizes=\"auto, (max-width: 560px) 100vw, 560px\" \/><\/p>\n<h2>2 de Febrero 2015- Dia mundial de los humedales<\/h2>\n<h5>ESCRITO\u00a0EL 27 ENERO, 2015.<\/h5>\n<p>Actividad:<\/p>\n<p>SALIDA INTERPRETATIVA DE LAS AVES ACU\u00c1TICAS DEL\u00a0HUMEDAL Y AVISTAMIENTO DE LA GRAN CANTIDAD DE GRULLAS\u00a0QUE EST\u00c1N PASANDO EL INVIERNO JUNTO A LA LAGUNA.\u00a0SE DAR\u00c1 INFORMACI\u00d3N A LOS CIUDADANOS DE LA ACTUACI\u00d3N\u00a0QUE EL SERVICIO DE H\u00c1BITATS DEL GOBIERNO DE NAVARRA\u00a0HA REALIZADO EN UNA INFRAESTR\u00daCTURA HIDR\u00c1ULICA, PARA\u00a0LA SUPERVIVENCIA DE ANFIBIOS, REPTILES Y MAM\u00cdFEROS.<\/p>\n<p><img loading=\"lazy\" decoding=\"async\" class=\"alignnone size-full wp-image-447\" src=\"https:\/\/regresenger.com\/wp-content\/uploads\/2017\/12\/2febrero2015-2-560.jpg\" alt=\"\" width=\"560\" height=\"788\" srcset=\"https:\/\/regresenger.com\/wp-content\/uploads\/2017\/12\/2febrero2015-2-560.jpg 560w, https:\/\/regresenger.com\/wp-content\/uploads\/2017\/12\/2febrero2015-2-560-213x300.jpg 213w\" sizes=\"auto, (max-width: 560px) 100vw, 560px\" \/><\/p>\n<h2>27 SEPTIEMBRE D\u00cdA MUNDIAL DE LAS AVES<\/h2>\n<h5>ESCRITO\u00a0EL 7 SEPTIEMBRE, 2014.<\/h5>\n<p>ACTIVIDADES QUE SE REALIZAR\u00c1N EN FIGAROL PARA CELEBRAR EL D\u00cdA DE LAS AVES<\/p>\n<p>D\u00eda 27 de septiembre de 2014:<br \/>\n\u2013 17h: Taller de naturaleza para los m\u00e1s peque\u00f1@s, en el que se trabajar\u00e1 con im\u00e1genes de aves que ell@s mism@s crear\u00e1n, posteriormente se repartir\u00e1n regalos a los asistentes (Gu\u00edas de aves, pegatinas, textos, libretas, etc).<\/p>\n<p>\u2013 19h: Reproducci\u00f3n del documental, LAS ALAS DE LA NATURALEZA del Director de N\u00f3madas del Viento: Jacques Perrin. Duraci\u00f3n 50min aprox.<\/p>\n<p>D\u00eda 28 de septiembre d 2014:<\/p>\n<p>\u2013 10h: Paseo interpretativo por la laguna Dos Reinos y observaci\u00f3n de aves en migraci\u00f3n desde la Torre Caracol.<\/p>\n<p>\u2013 11:30h: Almuerzo de amigos laguneros en el refugio de la laguna.<\/p>\n<p><img loading=\"lazy\" decoding=\"async\" class=\"alignnone size-full wp-image-448\" src=\"https:\/\/regresenger.com\/wp-content\/uploads\/2017\/12\/sep2014.png\" alt=\"\" width=\"596\" height=\"840\" srcset=\"https:\/\/regresenger.com\/wp-content\/uploads\/2017\/12\/sep2014.png 596w, https:\/\/regresenger.com\/wp-content\/uploads\/2017\/12\/sep2014-213x300.png 213w\" sizes=\"auto, (max-width: 596px) 100vw, 596px\" \/><\/p>\n<p>&nbsp;<\/p>\n<h2><strong>S\u00e1bado 17 de mayo salida a laguna pitillas,laguna Dos Reinos y Bardenas Reales<\/strong><\/h2>\n<p>ESCRITO\u00a0EL 23 FEBRERO, 2014.<\/p>\n<p>El club ECOWILDLIFE organizan una salida el d\u00eda 17 de Mayo 2014 por nuestra zona, aqu\u00ed ten\u00e9is el enlace,en el facebook y el programa para ese d\u00eda.<br \/>\n<a href=\"http:\/\/lagunadosreinos.org\/El%20club%20ECOWILDLIFE%20organizan%20una%20salida%20el%20d%C3%ADa%2017%20de%20Mayo%202014%20por%20nuestra%20zona,%20aqu%C3%AD%20ten%C3%A9is%20el%20enlace,donde%20hay%20m%C3%A1s%20informaci%C3%B3n%20y%20os%20animamos%20a%20que%20os%20apunt%C3%A9is.%20https:\/m.facebook.com\/pages\/Ecowildlife-Spain\/135882163263446?src=email_notif#!\/events\/1438852509685515?acontext=%7B%22ref%22%3A22%7D&amp;aref=22\">https:\/\/m.facebook.com\/pages\/Ecowildlife-Spain\/135882163263446?src=email_notif#!\/events\/1438852509685515?acontext=%7B%22ref%22%3A22%7D&amp;aref=22<\/a><\/p>\n<table>\n<tbody>\n<tr>\n<td><a href=\"https:\/\/www.facebook.com\/n\/?profile.php&amp;id=135882163263446&amp;aref=35756173&amp;medium=email&amp;mid=974fbceG5af39c9b1589G221988dGe5&amp;bcode=1.1393229472.AbkroNmD21BXHeRL&amp;n_m=figarol%40gmail.com\">Ecowildlife Spain<\/a><\/td>\n<td>24 de febrero de 2014 9:11<\/td>\n<\/tr>\n<\/tbody>\n<\/table>\n<p>PROGRAMA QUEDADA CLUB ECOWILDLIFED\u00cdA 17<br \/>\n10:00 PUNTO ENCUENTRO ENTRADA LAGUNA DE PITILLAS<br \/>\nOBSERVACI\u00d3N DE LAGUNA E INTERPRETACI\u00d3N POR DAVID MIQUELEIZ Y JOS\u00c9 CARLOS DE LA FUENTE13:00 TRASLADO A LAGUNA DOS REINOS14:00 PICNIC EN EL REFUGIO CON APORTACI\u00d3N DE TODOS LOS PARTICIPANTES15:30 LA LAGUNA DE DOS REYNOS POR DAVID MIQUELEIZ<\/p>\n<p>16:00\/18:30 OBSERVACI\u00d3N DE AVES E INTERPRETACI\u00d3N DE LA LAGUNA<\/p>\n<p>19:00 CAE LA TARDE EN LAS B\u00c1RDENAS REALES<\/p>\n<p>20:30 FIN DE LA JORNADA<\/p>\n<p>OPCIONAL ALOJAMIENTO EN ALBERGUE DOS HACHES ( desde 30 euros alojamiento y cena)<\/p>\n<p>D\u00cdA 18<\/p>\n<p>7:00 OPCIONAL AMANECE EN LAS BARDENAS REALES: Excursi\u00f3n en 4\u00d74 con gu\u00eda naturalista y gu\u00eda local desde 20 EUROS<\/p>\n<p>12:00 fin de encuentro<\/p>\n<p>Para participar en la actividad, se deben dar de alta en el Club Ecowildlife en este enlace\u00a0<a href=\"http:\/\/www.facebook.com\/l\/9AQFj3Rwl\/ecowildlife.es\/index.php\/club-ecowildlife\">http:\/\/ecowildlife.es\/index.php\/club-ecowildlife<\/a><\/p>\n<p>Todos los participantes recibir\u00e1n el programa via mail y el cuaderno de viajes de 2014\/2015 de ECOWILDLIFE en la excursi\u00f3n.<\/p>\n<p>\u00a1\u00a1\u00e1nimos y a participar\u00a1\u00a1<\/p>\n<p>Agradecimientos desde la asociaci\u00f3n Laguna Dos Reinos a \u00a0toda la gente que escribe sobre la laguna Dos Reinos y Figarol.Aqui os dejamos dos enlaces:<\/p>\n<p>ECOWILDLIFE BIRDING: UN MILAGRO EN NAVARRA: LA LAGUNA DE LOS DOS REINOS \u2013\u00a0<a href=\"http:\/\/ecowildlifebirding.blogspot.com.es\/2014\/02\/un-milagro-en-navarra-la-laguna-de-los.html?m=1\">http:\/\/ecowildlifebirding.blogspot.com.es\/2014\/02\/un-milagro-en-navarra-la-laguna-de-los.html?m=1<\/a><\/p>\n<p>LA ESCAPADA: 15 HISTORIAS CON ALMA(III). CHANQUETE NO VIVE EN ESTA VIEJA BARCA VARADA DE NAVARRA \u2013\u00a0<a href=\"http:\/\/laescapadadelturistaaccidental.blogspot.com.es\/2014\/02\/15-historias-con-almaiii-chanquete-no.html?m=1\">http:\/\/laescapadadelturistaaccidental.blogspot.com.es\/2014\/02\/15-historias-con-almaiii-chanquete-no.html?m=1<\/a><\/p>\n<h2>2 de Febrero 2014, d\u00eda mundial sobre los humedales<\/h2>\n<h5>ESCRITO\u00a0EL 19 ENERO, 2014.<\/h5>\n<p>Programa de las actividades que haremos \u00a0la asociaci\u00f3n los d\u00edas 1 y 2 de febrero en Carcastillo y Figarol .Est\u00e1s invitado. Acude.<\/p>\n<p><img loading=\"lazy\" decoding=\"async\" class=\"alignnone size-full wp-image-449\" src=\"https:\/\/regresenger.com\/wp-content\/uploads\/2017\/12\/2-febrero-2014finalPEK.jpg\" alt=\"\" width=\"550\" height=\"786\" srcset=\"https:\/\/regresenger.com\/wp-content\/uploads\/2017\/12\/2-febrero-2014finalPEK.jpg 550w, https:\/\/regresenger.com\/wp-content\/uploads\/2017\/12\/2-febrero-2014finalPEK-210x300.jpg 210w\" sizes=\"auto, (max-width: 550px) 100vw, 550px\" \/><\/p>\n<h2>Se\u00f1alizaci\u00f3n y creaci\u00f3n del centro de interpretaci\u00f3n en la Laguna Dos Reinos<\/h2>\n<h5>ESCRITO\u00a0EL 22 OCTUBRE, 2013.<\/h5>\n<p>Hola Laguneros, desde la asociaci\u00f3n queremos hacer una valoraci\u00f3n de las actividades que se han desarrollado en la laguna con motivo del D\u00eda Internacional de las Aves. Los actos se realizaron, los d\u00edas 19 y 20 de octubre de 2013.<\/p>\n<p><img loading=\"lazy\" decoding=\"async\" class=\"alignnone size-full wp-image-450\" src=\"https:\/\/regresenger.com\/wp-content\/uploads\/2017\/12\/1-preparacionpanel.jpg\" alt=\"\" width=\"500\" height=\"332\" srcset=\"https:\/\/regresenger.com\/wp-content\/uploads\/2017\/12\/1-preparacionpanel.jpg 500w, https:\/\/regresenger.com\/wp-content\/uploads\/2017\/12\/1-preparacionpanel-300x199.jpg 300w\" sizes=\"auto, (max-width: 500px) 100vw, 500px\" \/><\/p>\n<p>La primera de las actividades fue la colocaci\u00f3n de un soporte en la entrada de la laguna y despu\u00e9s sujetar un panel general de la laguna e informar a los visitantes del lugar en el que se encuentran.<\/p>\n<p><img loading=\"lazy\" decoding=\"async\" class=\"alignnone size-full wp-image-451\" src=\"https:\/\/regresenger.com\/wp-content\/uploads\/2017\/12\/3-terminado-panel.jpg\" alt=\"\" width=\"500\" height=\"332\" srcset=\"https:\/\/regresenger.com\/wp-content\/uploads\/2017\/12\/3-terminado-panel.jpg 500w, https:\/\/regresenger.com\/wp-content\/uploads\/2017\/12\/3-terminado-panel-300x199.jpg 300w\" sizes=\"auto, (max-width: 500px) 100vw, 500px\" \/><\/p>\n<p><strong>Para esta actividad la asociaci\u00f3n costeo la impresi\u00f3n del panel y la sujeci\u00f3n en un metacrilato. El Gobierno de Navarra coste\u00f3 el soporte.<\/strong><\/p>\n<p><img loading=\"lazy\" decoding=\"async\" class=\"alignnone size-full wp-image-452\" src=\"https:\/\/regresenger.com\/wp-content\/uploads\/2017\/12\/61-lijandopuerta.jpg\" alt=\"\" width=\"500\" height=\"458\" srcset=\"https:\/\/regresenger.com\/wp-content\/uploads\/2017\/12\/61-lijandopuerta.jpg 500w, https:\/\/regresenger.com\/wp-content\/uploads\/2017\/12\/61-lijandopuerta-300x275.jpg 300w\" sizes=\"auto, (max-width: 500px) 100vw, 500px\" \/><\/p>\n<p>Estuvo muy bonito ver como todos participaban y lo contentos que se les ve\u00eda, muy especialmente a los m\u00e1s peque\u00f1os.Tambi\u00e9n se coloc\u00f3 una nueva papelera acorde con el ambiente para que las personas depositen all\u00ed su basura y se animen a conservar el lugar.<\/p>\n<p><img loading=\"lazy\" decoding=\"async\" class=\"alignnone size-full wp-image-453\" src=\"https:\/\/regresenger.com\/wp-content\/uploads\/2017\/12\/71-pintandopuerta.jpg\" alt=\"\" width=\"500\" height=\"667\" srcset=\"https:\/\/regresenger.com\/wp-content\/uploads\/2017\/12\/71-pintandopuerta.jpg 500w, https:\/\/regresenger.com\/wp-content\/uploads\/2017\/12\/71-pintandopuerta-225x300.jpg 225w\" sizes=\"auto, (max-width: 500px) 100vw, 500px\" \/><\/p>\n<p>M\u00e1s tarde todas las personas fuimos al refugio para trabajar en su rehabilitaci\u00f3n y limpieza y reconvertirlo en un peque\u00f1o centro de interpretaci\u00f3n de la laguna y su entorno.La respuesta de los socios fue muy buena, ya que a la cita acudieron m\u00e1s de 25 personas y daba gusto ver como todas ellas colaboraban en las labores programadas.Entre estas labores estaba, quitar la puerta y lijarla completamente para despu\u00e9s darle varias manos de barniz para exteriores.Para este trabajo se utiliz\u00f3 varias lijadoras que gustosamente nos cedieron nuestros amigos llegados desde Francia.\u00a0<strong>El material utilizado y comprado por la asociaci\u00f3n fue un bote de barniz para exteriores y torniller\u00eda.<\/strong><\/p>\n<p>Otro de los trabajos que se realizaron fue la colocaci\u00f3n de un nuevo metacrilato en una de las ventanas para que no entre fr\u00edo al refugio. Mientras se llevaba a cabo esta labor, tambi\u00e9n se limpiaron todos los dem\u00e1s cristales de las ventanas.\u00a0<strong>El material que se necesit\u00f3 para este trabajo fue el propio metacrilato que compro la asociaci\u00f3n clavos y material de limpieza.<\/strong><\/p>\n<p>Los participantes se encargaron de limpiar toda la acera que rodea el refugio para lo cual tuvieron que arrancar toda la maleza que all\u00ed se encontraba y dejar a la vista todas las piedras que forman la citada acera. Para ello se utilizaron azadas de las propias personas participantes. Qued\u00f3 muy bonito y daba una sensaci\u00f3n de limpieza y orden.<\/p>\n<p><img loading=\"lazy\" decoding=\"async\" class=\"alignnone size-full wp-image-454\" src=\"https:\/\/regresenger.com\/wp-content\/uploads\/2017\/12\/53-limpiezacaseta.jpg\" alt=\"\" width=\"500\" height=\"507\" srcset=\"https:\/\/regresenger.com\/wp-content\/uploads\/2017\/12\/53-limpiezacaseta.jpg 500w, https:\/\/regresenger.com\/wp-content\/uploads\/2017\/12\/53-limpiezacaseta-100x100.jpg 100w, https:\/\/regresenger.com\/wp-content\/uploads\/2017\/12\/53-limpiezacaseta-296x300.jpg 296w\" sizes=\"auto, (max-width: 500px) 100vw, 500px\" \/><\/p>\n<p>Los m\u00e1s peque\u00f1os tuvieron un papel muy importante en la ma\u00f1ana del s\u00e1bado. Colaboraron en todas las labores y se mostraron muy atentos.<\/p>\n<p>Otro de los trabajos que se llevo a cabo y que era un deseo de la asociaci\u00f3n fue crear un centro de interpretaci\u00f3n de la laguna.<\/p>\n<p>Se colocaron carteles de aves migradoras, invernantes, estivales y residentes de la laguna, esto en cuanto a aves pero tambi\u00e9n se reserv\u00f3 un rinc\u00f3n para mam\u00edferos que habitan la laguna as\u00ed como plantas acu\u00e1ticas. Por otro lado se puso informaci\u00f3n de bosques de Navarra, Bardenas reales y zonas esteparias. El Gobierno de Arag\u00f3n nos env\u00edo material que junto con el de Navarra se ha dejado en una mesa para que la gente pueda llev\u00e1rselo para leer en casa.<\/p>\n<p><img loading=\"lazy\" decoding=\"async\" class=\"alignnone size-full wp-image-455\" src=\"https:\/\/regresenger.com\/wp-content\/uploads\/2017\/12\/8-historialaguna.jpg\" alt=\"\" width=\"500\" height=\"332\" srcset=\"https:\/\/regresenger.com\/wp-content\/uploads\/2017\/12\/8-historialaguna.jpg 500w, https:\/\/regresenger.com\/wp-content\/uploads\/2017\/12\/8-historialaguna-300x199.jpg 300w\" sizes=\"auto, (max-width: 500px) 100vw, 500px\" \/><\/p>\n<p>Se reserv\u00f3 un lugar para explicar las actuaciones que la Caixa ha realizado en la laguna y para ello se elabor\u00f3 un p\u00f3ster resumen.<\/p>\n<p>Para trasformar el refugio en un centro de interpretaci\u00f3n se han utilizado paneles de pladur donde poner todos los carteles plastificados, chinchetas para sujetarlos, tornillos para fijar los paneles de pladur a la estructura del refugio, etc.<\/p>\n<p><strong>La asociaci\u00f3n costeo la impresi\u00f3n de algunos de los carteles y el plastificado de todos los carteles informativos.<\/strong><\/p>\n<p>El\u00a0<strong>domingo 20<\/strong>\u00a0de octubre se llev\u00f3 a cabo una visita guiada por el Enclave Natural de la laguna en la que participaron 23 personas, se explic\u00f3 el fen\u00f3meno de la migraci\u00f3n y se observaron aves que ya han venido a la laguna para pasar el invierno junto a nosotros.<\/p>\n<p><img loading=\"lazy\" decoding=\"async\" class=\"alignnone size-full wp-image-456\" src=\"https:\/\/regresenger.com\/wp-content\/uploads\/2017\/12\/10-salidaestanca.jpg\" alt=\"\" width=\"500\" height=\"332\" srcset=\"https:\/\/regresenger.com\/wp-content\/uploads\/2017\/12\/10-salidaestanca.jpg 500w, https:\/\/regresenger.com\/wp-content\/uploads\/2017\/12\/10-salidaestanca-300x199.jpg 300w\" sizes=\"auto, (max-width: 500px) 100vw, 500px\" \/><\/p>\n<p>Despu\u00e9s de la visita a la laguna\u00a0 nos quedaba pendiente saber si las cajas nido que se colocaron el pasado a\u00f1o hab\u00edan sido ocupadas por las aves que habitan en el bosque de Pino alepo que alberga la laguna.<\/p>\n<p><img loading=\"lazy\" decoding=\"async\" class=\"alignnone size-full wp-image-457\" src=\"https:\/\/regresenger.com\/wp-content\/uploads\/2017\/12\/11-limpiezanido.jpg\" alt=\"\" width=\"500\" height=\"332\" srcset=\"https:\/\/regresenger.com\/wp-content\/uploads\/2017\/12\/11-limpiezanido.jpg 500w, https:\/\/regresenger.com\/wp-content\/uploads\/2017\/12\/11-limpiezanido-300x199.jpg 300w\" sizes=\"auto, (max-width: 500px) 100vw, 500px\" \/><\/p>\n<p>Gracias a una escalera y un poco de valor nuestro amigo Haritz se subi\u00f3 a los pinos y fue mirando todas las cajas, tambi\u00e9n las limpi\u00f3 para que est\u00e9n preparadas y sean de nuevo ocupadas en primavera.<\/p>\n<p>Y para finalizar la ma\u00f1ana se coloc\u00f3 un posadero a nuestros amigos los Mart\u00ednes pescadores (especie recientemente descubierta en la laguna) cerca de la orilla, ya que es desde all\u00ed donde cazan a sus presas. Para ello se utilizaron ropas de neopreno y un posadero que construy\u00f3 Haritz. Despu\u00e9s unos voluntarios se introdujeron en el interior de la laguna para buscar un lugar adecuado donde colocarlo.<\/p>\n<p><img loading=\"lazy\" decoding=\"async\" class=\"alignnone size-full wp-image-458\" src=\"https:\/\/regresenger.com\/wp-content\/uploads\/2017\/12\/13-davidenlaguna.jpg\" alt=\"\" width=\"500\" height=\"332\" srcset=\"https:\/\/regresenger.com\/wp-content\/uploads\/2017\/12\/13-davidenlaguna.jpg 500w, https:\/\/regresenger.com\/wp-content\/uploads\/2017\/12\/13-davidenlaguna-300x199.jpg 300w\" sizes=\"auto, (max-width: 500px) 100vw, 500px\" \/><\/p>\n<p>Desde la asociaci\u00f3n Amigos Laguna Dos Reinos queremos\u00a0<strong>agradecer el esfuerzo que todas las personas han tenido para la realizaci\u00f3n de las actividades que se han programado en la celebraci\u00f3n del D\u00eda de las Aves.<\/strong><\/p>\n<p><strong>Un abrazo para todos<\/strong>\u00a0y os esperamos el D\u00eda Internacional de los Humedales que se celebrar\u00e1 en el mes de febrero de 2014.<\/p>\n<h2>IV. Edici\u00f3n de las jornadas de aves de Navarra 2013<\/h2>\n<h5>ESCRITO \u00a0EL 30 SEPTIEMBRE, 2013.<\/h5>\n<p><img loading=\"lazy\" decoding=\"async\" class=\"alignnone size-full wp-image-460\" src=\"https:\/\/regresenger.com\/wp-content\/uploads\/2017\/12\/general-orokorra.jpg\" alt=\"\" width=\"400\" height=\"566\" srcset=\"https:\/\/regresenger.com\/wp-content\/uploads\/2017\/12\/general-orokorra.jpg 400w, https:\/\/regresenger.com\/wp-content\/uploads\/2017\/12\/general-orokorra-212x300.jpg 212w\" sizes=\"auto, (max-width: 400px) 100vw, 400px\" \/><\/p>\n<p>&nbsp;<\/p>\n<h2>lluvia de estrellas en la laguna dos reinos<\/h2>\n<h5>ESCRITO\u00a0EL 25 JULIO, 2013.<\/h5>\n<p>\u00a1 CONFIRMADO! El pr\u00f3ximo d\u00eda 11 de agosto 2013 a las 10 de la noche ,en la torre vig\u00eda de la Laguna Dos Reinos, la ASOCIACI\u00d3N NAVARRA DE ASTRONOM\u00cdA impartir\u00e1 una charla y visualizaremos algunos planetas.<\/p>\n<p><img loading=\"lazy\" decoding=\"async\" class=\"alignnone size-full wp-image-461\" src=\"https:\/\/regresenger.com\/wp-content\/uploads\/2017\/12\/estrellas3.jpg\" alt=\"\" width=\"490\" height=\"698\" srcset=\"https:\/\/regresenger.com\/wp-content\/uploads\/2017\/12\/estrellas3.jpg 490w, https:\/\/regresenger.com\/wp-content\/uploads\/2017\/12\/estrellas3-211x300.jpg 211w\" sizes=\"auto, (max-width: 490px) 100vw, 490px\" \/><\/p>\n<h2>2 y 3 de Febrero, d\u00eda internacional de los humedales en Figarol (Navarra)<\/h2>\n<h5>ESCRITO\u00a0EL 12 FEBRERO, 2013.<\/h5>\n<p>Hola, amigos laguneros.<\/p>\n<p>Durante los d\u00edas 2 y 3 de febrero la asociaci\u00f3n Amigos Laguna Dos Reinos celebr\u00f3 el D\u00eda Internacional de los Humedales. Dos d\u00edas en los que una vez m\u00e1s quisimos dar a conocer a nuestros vecinos y amigos la importancia de conservar este tipo de ecosistemas y todas las especies que en el habitan.En esta ocasi\u00f3n el lema era: Los humedales cuidan del agua,\u201d as\u00ed que nos pareci\u00f3 muy importante dar a conocer a la ciudadan\u00eda la funci\u00f3n que los humedales tienen a trav\u00e9s de sus plantas acu\u00e1ticas en la purificaci\u00f3n del agua que contienen.Tambi\u00e9n nos centramos en mostrar algunos mam\u00edferos que viven en los humedales y cauces fluviales de nuestro alrededor. Para ello contamos con la estrecha colaboraci\u00f3n del Punto de Informaci\u00f3n de Territorio Vis\u00f3n del Gobierno de Navarra, la asociaci\u00f3n naturalista ALNUS de Marcilla, voluntario ambiental Jos\u00e9 Mari Pedrosa y Haritz Sarasa \u201cEl Campero Inquieto\u201d. La SEO\/BirdLife colabor\u00f3 con el env\u00edo de distintos materiales para el conocimiento de los humedales de nuestro pa\u00eds.<\/p>\n<p><img loading=\"lazy\" decoding=\"async\" class=\"alignnone size-full wp-image-462\" src=\"https:\/\/regresenger.com\/wp-content\/uploads\/2017\/12\/image002.jpg\" alt=\"\" width=\"567\" height=\"376\" srcset=\"https:\/\/regresenger.com\/wp-content\/uploads\/2017\/12\/image002.jpg 567w, https:\/\/regresenger.com\/wp-content\/uploads\/2017\/12\/image002-300x199.jpg 300w\" sizes=\"auto, (max-width: 567px) 100vw, 567px\" \/><\/p>\n<p>Los m\u00e1s peque\u00f1os disfrutaron de una tarde llena de sorpresas. Pudieron ver a nuestro amigo el Vis\u00f3n europeo y a todos sus vecinos de la laguna.<\/p>\n<p><img loading=\"lazy\" decoding=\"async\" class=\"alignnone size-full wp-image-463\" src=\"https:\/\/regresenger.com\/wp-content\/uploads\/2017\/12\/image006.jpg\" alt=\"\" width=\"567\" height=\"376\" srcset=\"https:\/\/regresenger.com\/wp-content\/uploads\/2017\/12\/image006.jpg 567w, https:\/\/regresenger.com\/wp-content\/uploads\/2017\/12\/image006-300x199.jpg 300w\" sizes=\"auto, (max-width: 567px) 100vw, 567px\" \/><\/p>\n<p><img loading=\"lazy\" decoding=\"async\" class=\"alignnone size-full wp-image-464\" src=\"https:\/\/regresenger.com\/wp-content\/uploads\/2017\/12\/image008.jpg\" alt=\"\" width=\"567\" height=\"376\" srcset=\"https:\/\/regresenger.com\/wp-content\/uploads\/2017\/12\/image008.jpg 567w, https:\/\/regresenger.com\/wp-content\/uploads\/2017\/12\/image008-300x199.jpg 300w\" sizes=\"auto, (max-width: 567px) 100vw, 567px\" \/><\/p>\n<p>El taller de naturaleza impartido por Jos\u00e9 Mari Pedrosa fue un aut\u00e9ntico laboratorio compuesto por nidos, rastros, serpientes, partes de mam\u00edferos, excrementos, plumas, huellas y muchas cosas m\u00e1s que nos permitieron conocer el mundo de los animales en torno al r\u00edo y los humedales.<\/p>\n<p>Aqu\u00ed tenemos a dos aut\u00e9nticos naturalistas, Javier Fabo (sentado) de ALNUS y Haritz Sarasa \u201cEl Campero Inquieto\u201d ambos estuvieron muy presentes en las jornadas y nos ayudaron a valorar la conservaci\u00f3n de la biodiversidad. Nos sentimos muy orgullosos de contar con personas como ellas que tengan valores tan fuertes por la naturaleza.<\/p>\n<p>Los m\u00e1s peque\u00f1os no perdieron detalle y se mostraron muy curiosos ante las explicaciones de los naturalistas. En la imagen se pueden apreciar serpientes, moldes de huellas de must\u00e9lidos, esqueletos de serpiente, colmillos de jabal\u00ed, troncos de p\u00edcidos ( p\u00e1jaros carpinteros), cr\u00e1neos, patas, etc.<\/p>\n<p><img loading=\"lazy\" decoding=\"async\" class=\"alignnone size-full wp-image-465\" src=\"https:\/\/regresenger.com\/wp-content\/uploads\/2017\/12\/image016.jpg\" alt=\"\" width=\"567\" height=\"378\" srcset=\"https:\/\/regresenger.com\/wp-content\/uploads\/2017\/12\/image016.jpg 567w, https:\/\/regresenger.com\/wp-content\/uploads\/2017\/12\/image016-300x200.jpg 300w\" sizes=\"auto, (max-width: 567px) 100vw, 567px\" \/><\/p>\n<p>Dentro del programa de las jornadas se realiz\u00f3 la inauguraci\u00f3n oficial de la \u201cTorre Caracol\u201d y para ello contamos con la presencia de distintas autoridades de la Comunidad Foral y Local<\/p>\n<p>La Laguna Dos Reinos es un espacio RED NATURA 2000 y en ella habitan especies tan singulares como el Vis\u00f3n europeo, Nutria paleartica, Avetoro com\u00fan, Aguilucho lagunero, etc.<\/p>\n<p>Por ello quisimos dar a conocer a las personas el Proyecto LIFE+ Territorio Vis\u00f3n. Un proyecto que pretende conservar \u00e9ste must\u00e9lido tan amenazado junto a sus h\u00e1bitats y que en Navarra contamos con las dos terceras partes de la poblaci\u00f3n de la Pen\u00ednsula Ib\u00e9rica.<\/p>\n<p>El proyecto es gestionado en Navarra por GANASA y contamos con el apoyo de los responsables del mismo, suministr\u00e1ndonos informaci\u00f3n y materiales de difusi\u00f3n. Tambi\u00e9n el CRANA participa en este proyecto y estuvo presente en Figarol\u00a0 con educadores ambientales, los cuales nos trasmitieron la importancia de la educaci\u00f3n ambiental como una de las patas importantes de la conservaci\u00f3n y conocimiento del medio natural.<\/p>\n<p><img loading=\"lazy\" decoding=\"async\" class=\"alignnone size-full wp-image-466\" src=\"https:\/\/regresenger.com\/wp-content\/uploads\/2017\/12\/image022.jpg\" alt=\"\" width=\"567\" height=\"376\" srcset=\"https:\/\/regresenger.com\/wp-content\/uploads\/2017\/12\/image022.jpg 567w, https:\/\/regresenger.com\/wp-content\/uploads\/2017\/12\/image022-300x199.jpg 300w\" sizes=\"auto, (max-width: 567px) 100vw, 567px\" \/><\/p>\n<p>El domingo 3 salimos al campo para observar las aves que se encuentran\u00a0 pasando el invierno en torno al humedal. En la imagen, Claude y Alfredo observan las Garcetas grandes que se encontraban al abrigo del fuerte viento.<\/p>\n<p>Se agradec\u00eda adentrarse en la masa forestal de Pinos alepos que hay en la laguna para resguardarse del viento y fr\u00edo de la ma\u00f1ana. \u00a0Esta es una de las particularidades de la laguna, la presencia de especies forestales (Pinz\u00f3n vulgar, Choch\u00edn, Carboneros, Herrerillos, Gavil\u00e1n, etc) en convivencia con las palustres (P\u00e1jaro mosc\u00f3n, Bigotudo, Escribano palustre, etc) especies ligadas a h\u00e1bitats de humedales).<\/p>\n<p><img loading=\"lazy\" decoding=\"async\" class=\"alignnone size-full wp-image-467\" src=\"https:\/\/regresenger.com\/wp-content\/uploads\/2017\/12\/image026.jpg\" alt=\"\" width=\"567\" height=\"376\" srcset=\"https:\/\/regresenger.com\/wp-content\/uploads\/2017\/12\/image026.jpg 567w, https:\/\/regresenger.com\/wp-content\/uploads\/2017\/12\/image026-300x199.jpg 300w\" sizes=\"auto, (max-width: 567px) 100vw, 567px\" \/><\/p>\n<p>Una vez en la laguna, nos detuvimos en varias ocasiones para la interpretaci\u00f3n del Enclave Natural. Se dio a conocer la funci\u00f3n purificadora que las plantas acu\u00e1ticas realizan en los humedales y la necesidad de las mismas para el sustento de las distintas especies de animales que en ellas viven.<\/p>\n<p><img loading=\"lazy\" decoding=\"async\" class=\"alignnone size-full wp-image-468\" src=\"https:\/\/regresenger.com\/wp-content\/uploads\/2017\/12\/image028.jpg\" alt=\"\" width=\"567\" height=\"376\" srcset=\"https:\/\/regresenger.com\/wp-content\/uploads\/2017\/12\/image028.jpg 567w, https:\/\/regresenger.com\/wp-content\/uploads\/2017\/12\/image028-300x199.jpg 300w\" sizes=\"auto, (max-width: 567px) 100vw, 567px\" \/><\/p>\n<p>Desde uno de los puntos m\u00e1s altos de la laguna observamos las acu\u00e1ticas que nadaban en la l\u00e1mina de agua de la laguna. Desde este mismo lugar y en primavera ser\u00e1 posible admirar el cortejo de los Aguiluchos laguneros, un espect\u00e1culo que nadie puede perderse.<\/p>\n<p>Una de las cosas que tiene la naturaleza es que ayuda a forjar nuevas amistades y mantener conversaciones interminables de aquello que tanto nos gusta. Nuestro amigo Claude con una de las parejas m\u00e1s amantes de la naturaleza, Maite y Alfredo de la Sociedad de Ciencias Naturales GOROSTI.<\/p>\n<p><img loading=\"lazy\" decoding=\"async\" class=\"alignnone size-full wp-image-469\" src=\"https:\/\/regresenger.com\/wp-content\/uploads\/2017\/12\/image036.jpg\" alt=\"\" width=\"567\" height=\"376\" srcset=\"https:\/\/regresenger.com\/wp-content\/uploads\/2017\/12\/image036.jpg 567w, https:\/\/regresenger.com\/wp-content\/uploads\/2017\/12\/image036-300x199.jpg 300w\" sizes=\"auto, (max-width: 567px) 100vw, 567px\" \/><\/p>\n<p>El terreno h\u00famedo nos permiti\u00f3 averiguar los lugares por donde las nutrias se desplazan en sus salidas nocturnas. Estos must\u00e9lidos utilizan la laguna como cazadero habitual.<\/p>\n<p>Con esta estampa terminamos el paseo por la estanca. Un d\u00eda fr\u00edo, ventoso, con nieve en los altos pero que de nuevo nos hizo disfrutar de su paisaje, de sus olores, de sus habitantes y lo m\u00e1s importante, que nosotros como parte de la biodiversidad supimos respetar y valorar aquello que nos rodea: LA NATURALEZA.<\/p>\n<p>Agradecer un mont\u00f3n a todas aquellas personas que participaron en el D\u00eda Internacional de los Humedales y a las que no pudieron asistir por diferentes motivos.<\/p>\n<p><strong>\u00a0Mil gracias para todos los colaboradores en la realizaci\u00f3n de las mismas,(Gobierno de Navarra, GANASA, CRANA, CENEAM, Consorcio de Zona Media, Ayuntamiento de Carcastillo, Concejo de Figarol, Asociaci\u00f3n Naturalista ALNUS, El Campero Inquieto, a Jose Mari Pedrosa, SEO\/BirdLife, GOROSTI y RAMSAR.<\/strong><\/p>\n<h2>La torre observatorio ya est\u00e1 de nuevo en su sitio<\/h2>\n<h5>ESCRITO\u00a0EL 4 OCTUBRE, 2012.<\/h5>\n<p>Comenzamos el fin de semana el viernes a las siete de la tarde con la apertura al p\u00fablico de la exposici\u00f3n de r\u00e9plicas reales a tama\u00f1o natural de animales salvajes. Las tallas las realiza el artista de la Valdorba Javier Murillo y las cedi\u00f3 de forma gratuita para exhibirlas este fin de semana en Figarol.<\/p>\n<p><img loading=\"lazy\" decoding=\"async\" class=\"alignnone size-full wp-image-470\" src=\"https:\/\/regresenger.com\/wp-content\/uploads\/2017\/12\/inauguracion-torre1.jpg\" alt=\"\" width=\"560\" height=\"247\" srcset=\"https:\/\/regresenger.com\/wp-content\/uploads\/2017\/12\/inauguracion-torre1.jpg 560w, https:\/\/regresenger.com\/wp-content\/uploads\/2017\/12\/inauguracion-torre1-300x132.jpg 300w\" sizes=\"auto, (max-width: 560px) 100vw, 560px\" \/><\/p>\n<p>Despu\u00e9s de la presentaci\u00f3n de las actividades que \u00edbamos a desarrollar a lo largo del fin de semana y de ver con detenimiento la exposici\u00f3n, disfrutamos de la proyecci\u00f3n del documental \u201cN\u00f3madas del Viento\u201d que narra las aventuras y desventuras de las aves durante su proceso migratorio anual. Una maravilla de documental que estuvo nominado a los Oscar.<\/p>\n<p>Ya el s\u00e1bado por la ma\u00f1ana primero asistimos al taller de Construcci\u00f3n de Cajas Nido que nos imparti\u00f3 Haritz, el Campero Inquieto (pod\u00e9is consultar su blog y descargaros el manual de construcci\u00f3n de cajas nido <a href=\"http:\/\/www.elcamperoinquieto.com\">www.elcamperoinquieto.com<\/a>).<\/p>\n<p><img loading=\"lazy\" decoding=\"async\" class=\"size-full wp-image-471\" src=\"https:\/\/regresenger.com\/wp-content\/uploads\/2017\/12\/2012-09-29-10.59.161.jpg\" alt=\"\" width=\"640\" height=\"480\" srcset=\"https:\/\/regresenger.com\/wp-content\/uploads\/2017\/12\/2012-09-29-10.59.161.jpg 640w, https:\/\/regresenger.com\/wp-content\/uploads\/2017\/12\/2012-09-29-10.59.161-600x450.jpg 600w, https:\/\/regresenger.com\/wp-content\/uploads\/2017\/12\/2012-09-29-10.59.161-300x225.jpg 300w\" sizes=\"auto, (max-width: 640px) 100vw, 640px\" \/><\/p>\n<p>De ah\u00ed nos fuimos a la Laguna, algunos en bici como hab\u00edamos quedado y otros no se atrevieron por la amenaza de lluvia. Ya all\u00ed tuvimos unas pocas palabras de agradecimiento a todos los que nos han ayudado y apoyado en la construcci\u00f3n de la torre y despu\u00e9s dimos buena cuenta del almuercico que hab\u00edamos preparado. Calculamos que estar\u00edamos como mucho 50 personas, as\u00ed que la agradable sorpresa de encontrarnos con unas 70 personas se nubl\u00f3 por la imprevisi\u00f3n de que hubiera bocadillo para todo el mundo. Desde aqu\u00ed pedir disculpas a los que se quedaron sin almuerzo.<\/p>\n<p><img loading=\"lazy\" decoding=\"async\" class=\"alignnone size-full wp-image-472\" src=\"https:\/\/regresenger.com\/wp-content\/uploads\/2017\/12\/IMG_2314.jpg\" alt=\"\" width=\"560\" height=\"373\" srcset=\"https:\/\/regresenger.com\/wp-content\/uploads\/2017\/12\/IMG_2314.jpg 560w, https:\/\/regresenger.com\/wp-content\/uploads\/2017\/12\/IMG_2314-300x200.jpg 300w\" sizes=\"auto, (max-width: 560px) 100vw, 560px\" \/><\/p>\n<p>Y despu\u00e9s nos fuimos a colocar las cajas nido que hab\u00edamos hecho en los talleres por el pinar de la laguna. Para ello vinieron dos bomberos de la dotaci\u00f3n de Tafalla que las colocaron en los pinos.<\/p>\n<p><img loading=\"lazy\" decoding=\"async\" class=\"alignnone size-full wp-image-473\" src=\"https:\/\/regresenger.com\/wp-content\/uploads\/2017\/12\/IMG_23372.jpg\" alt=\"\" width=\"400\" height=\"600\" srcset=\"https:\/\/regresenger.com\/wp-content\/uploads\/2017\/12\/IMG_23372.jpg 400w, https:\/\/regresenger.com\/wp-content\/uploads\/2017\/12\/IMG_23372-200x300.jpg 200w\" sizes=\"auto, (max-width: 400px) 100vw, 400px\" \/><\/p>\n<p>Y de ah\u00ed a comernos la paella que prepararon Los Tetos. Que estaba buen\u00edsima. En menos de cinco minutos repartimos m\u00e1s de 100 raciones.<\/p>\n<p><img loading=\"lazy\" decoding=\"async\" class=\"size-full wp-image-474\" src=\"https:\/\/regresenger.com\/wp-content\/uploads\/2017\/12\/2012-09-29-13.56.07.jpg\" alt=\"\" width=\"640\" height=\"480\" srcset=\"https:\/\/regresenger.com\/wp-content\/uploads\/2017\/12\/2012-09-29-13.56.07.jpg 640w, https:\/\/regresenger.com\/wp-content\/uploads\/2017\/12\/2012-09-29-13.56.07-600x450.jpg 600w, https:\/\/regresenger.com\/wp-content\/uploads\/2017\/12\/2012-09-29-13.56.07-300x225.jpg 300w\" sizes=\"auto, (max-width: 640px) 100vw, 640px\" \/><\/p>\n<p>Al terminar la comida hicimos entrega del Segundo Avetoro de Oro a Jes\u00fas Mari Guti\u00e9rrez, arquitecto de Carcastillo que nos realiz\u00f3 de forma altru\u00edsta el proyecto de la Torre, hizo tambi\u00e9n la valoraci\u00f3n de las propuestas hechas para la contrata de la construcci\u00f3n y despu\u00e9s el seguimiento de la obra. Sin su apoyo incondicional desde el primer d\u00eda no nos hubi\u00e9ramos atrevido a acometer el proyecto. Por todo ello, nuestro m\u00e1s sincero agradecimiento.<\/p>\n<p>Terminada la comida y recogido todo el montaje del Sal\u00f3n de Actos nos trasladamos de nuevo a la Sala Polivalente en la que, a solicitud de parte del p\u00fablico que ayer no pudo ver el documental emitido, se volvi\u00f3 a proyectar \u201cN\u00f3madas del Viento\u201d. Y con ello se dio por concluida la fiesta de Inauguraci\u00f3n de la Torre Observatorio.<\/p>\n<p>Muchas gracias a tod@s l@s que vinisteis. A los que no pudisteis os echamos de menos y os esperamos en la siguiente<\/p>\n<h2>Inauguraci\u00f3n Torre Laguna Dos Reinos. III Jornadas de las Aves en Navarra<\/h2>\n<h5>ESCRITO\u00a0EL 5 SEPTIEMBRE, 2012.<\/h5>\n<p>Los d\u00edas 28,29 y 30 de septiembre se celebrar\u00e1n una serie de actos dentro del programa\u00a0<strong>\u201cIII Edici\u00f3n de las Jornadas de las Aves de Navarra\u201d<\/strong>\u00a0y la\u00a0<strong>Inauguraci\u00f3n de la Torre Observatorio en la Laguna Dos Reinos<\/strong>, est\u00e1 previsto que empiecen la construcci\u00f3n el lunes 17.<\/p>\n<p>La recuperaci\u00f3n de la Torre-Observatorio ha sido subvencionada por el\u00a0<strong>Grupo de Acci\u00f3n Local de\u00a0la Zona Media<\/strong>\u00a0de Navarra a trav\u00e9s del Eje 4 (Leader) del\u00a0<strong>Programa de Desarrollo Rural<\/strong>\u00a0de\u00a0la Comunidad Foral\u00a0de Navarra cofinanciado por el \u00a0<strong>Fondo Europeo Agr\u00edcola de Desarrollo Rural<\/strong>\u00a0(Feader) y el Departamento de Desarrollo Rural, Medio Ambiente y Administraci\u00f3n Local de\u00a0<strong>Gobierno de Navarra.<\/strong><\/p>\n<p>Tambi\u00e9n ha colaborado monetariamente la entidad MGS Seguros y Reaseguros S.L. con oficinas en Carcastillo, en la Calle Mayor 9, regentada por las hermanas Araceli y Ujue Miqueleiz Garc\u00eda, a quien queremos dar las gracias desde aqu\u00ed por todo lo que han trabajado hasta conseguir esta subvenci\u00f3n.<\/p>\n<p><img loading=\"lazy\" decoding=\"async\" class=\"alignnone size-full wp-image-475\" src=\"https:\/\/regresenger.com\/wp-content\/uploads\/2017\/12\/finalweb.png\" alt=\"\" width=\"560\" height=\"795\" srcset=\"https:\/\/regresenger.com\/wp-content\/uploads\/2017\/12\/finalweb.png 560w, https:\/\/regresenger.com\/wp-content\/uploads\/2017\/12\/finalweb-211x300.png 211w\" sizes=\"auto, (max-width: 560px) 100vw, 560px\" \/><\/p>\n<p><strong>PROGRAMA DE LOS D\u00cdAS 28,29 Y 30 DE SEPTIEMBRE QUE SE CELEBRAR\u00c1N EN FIGAROL.<\/strong><\/p>\n<p><strong>Viernes 28 de septiembre:<\/strong><\/p>\n<p>A las 19:00, inauguraci\u00f3n de la exposici\u00f3n de replicas de aves en la Casa de Cultura de Figarol (exposici\u00f3n de \u201cReplica Natural\u201d) a cargo del artista Javier Murillo.<\/p>\n<p>A las 19:30, proyecci\u00f3n de la pel\u00edcula nominada a los Oscars \u201cN\u00f3madas del Viento\u201d en la Casa de Cultura de Figarol.<\/p>\n<p><strong>S\u00e1bado 29 de septiembre.<\/strong><\/p>\n<p>A las 10:00, Taller de Construcci\u00f3n de Cajas Nido para ni\u00f1os con Haritz Sarasa, \u201cEl Campero Inquieto\u201d, ornit\u00f3logo, fot\u00f3grafo de naturaleza y naturalista.<\/p>\n<p>A las 11:30, Marcha Cicloturista a la Laguna Dos Reinos para la Inauguraci\u00f3n de la nueva Torre de Observatorio\u00a0 en la Laguna Dos Reinos en Figarol. Torre Caracol. Habr\u00e1 un almuercico cuando lleguemos (sandwiches y refrescos).<\/p>\n<p>A las 13:00, Colocaci\u00f3n de las cajas nido en los pinares aleda\u00f1os a la Laguna Dos Reinos.<\/p>\n<p>A las 14:30, Paellada popular para todos los vecinos y visitantes en el Sal\u00f3n del Baile. Precio 5 euros, incluye pan,bebida y postre. Se recoger\u00e1 el dinero el domingo d\u00eda 23 de septiembre\u00a0 a las 20:00h. en cualquiera de los dos bares de Figarol. Si no pod\u00e9is ir ese d\u00eda a Figarol, tambi\u00e9n pod\u00e9is apuntaros ingresando ANTES DEL 23 DE SEPTIEMBRE los 5 euros por persona en la cuenta de CajaNavarra-Caixa n\u00ba\u00a02054 0149 83 916395046.1 y comunic\u00e1ndolo por correo electr\u00f3nico a lagunadosreinos@gmail.com.<\/p>\n<p><strong>Domingo 30 de septiembre.<\/strong><\/p>\n<p>A las 10:00, Aula natural: Seguimiento de las aves de la Laguna Dos Reinos (El Aguilucho cenizo) y avistamiento de aves en migraci\u00f3n desde la Torre Observatorio\u00a0 de la Laguna Dos Reinos a cargo de la empresa Ornitol\u00e1n Servicios Ambientales.<\/p>\n<p>Video promocional de la \u201ctorre caracol\u201d<\/p>\n<p><a href=\"https:\/\/www.youtube.com\/watch?time_continue=1&amp;v=RO8Eb4yhHaY\">https:\/\/www.youtube.com\/watch?time_continue=1&amp;v=RO8Eb4yhHaY<\/a><\/p>\n<h2>PROGRAMA DE LA FIESTA CINCUENTENARIO DE LA LAGUNA<\/h2>\n<h5>escrito el 19 MAYO, 2012.<\/h5>\n<p>NOVEDADES: FINALIZADO EL PLAZO PARA LA INSCRIPCI\u00d3N A LA CENA DEL S\u00c1BADO, S\u00d3LO NOS HEMOS APUNTADO 17 PERSONAS, POR LO QUE VAMOS A TENER QUE SUPENDERLA POR BAJA PARTICIPACI\u00d3N. \u00a1OTRO D\u00cdA SER\u00c1!<\/p>\n<p><img loading=\"lazy\" decoding=\"async\" class=\"alignnone size-full wp-image-476\" src=\"https:\/\/regresenger.com\/wp-content\/uploads\/2017\/12\/2-JUNIO-2012AZUL-720x1024.png\" alt=\"\" width=\"720\" height=\"1024\" srcset=\"https:\/\/regresenger.com\/wp-content\/uploads\/2017\/12\/2-JUNIO-2012AZUL-720x1024.png 720w, https:\/\/regresenger.com\/wp-content\/uploads\/2017\/12\/2-JUNIO-2012AZUL-720x1024-600x853.png 600w, https:\/\/regresenger.com\/wp-content\/uploads\/2017\/12\/2-JUNIO-2012AZUL-720x1024-211x300.png 211w\" sizes=\"auto, (max-width: 720px) 100vw, 720px\" \/><\/p>\n<p>YA TENEMOS EL PROGRAMA TERMINADO, AHORA S\u00d3LO FALT\u00c1IS VOSOTR@S!!!!!!!!<\/p>\n<p>ATENCI\u00d3N A LA COMIDA Y LA CENA DEL S\u00c1BADO 2 DE JUNIO, ES MUY IMPORTANTE VUESTRA PARTICIPACI\u00d3N<\/p>\n<p>CELEBRACI\u00d3N 50\u00ba ANIVERSARIO DE LA LAGUNA DOS REINOS<\/p>\n<p>D\u00cdA INTERNACIONAL DEL MEDIO AMBIENTE<\/p>\n<p>ACTIVIDADES EN FIGAROL (NAVARRA)<\/p>\n<p><strong><u>S\u00c1BADO 2 DE JUNIO<\/u><\/strong>:<\/p>\n<p><u>10 horas<\/u>: Apertura de las Exposiciones Aves de Navarra de la Sociedad de Ciencias Naturales GOROSTI y Alas sobre Agua de la Sociedad Espa\u00f1ola de Ornitolog\u00eda en la Sala Multiusos del Concejo de Figarol. Estar\u00e1n abiertas s\u00e1bado y domingo.<\/p>\n<p><u>10,30 horas<\/u>: Visita Guiada a la Laguna, con el gu\u00eda profesional\u00a0Juan Go\u00f1i de la empresa \u201cNavarra, m\u00edrame al natural\u201d. Gu\u00eda profesional de turismo de naturaleza que realiza salidas por toda geograf\u00eda de Navarra.<\/p>\n<p><u>14,30 horas<\/u>: Comida (men\u00fa) de Amigos de la Laguna y aquellos que tambi\u00e9n quieran serlo en el albergue Dos Haches. Informarse del precio y apuntarse en Dos Haches antes del d\u00eda 30 de mayo.<\/p>\n<p><u>17 horas<\/u>: Actuaci\u00f3n de CuentaCuentos y Magia, Sergio de Andr\u00e9s, del Grupo Quiero Teatro<\/p>\n<p><u>18 h-19,30 horas<\/u>: Talleres de educaci\u00f3n ambiental dirigidos por la Sociedad de Educaci\u00f3n Ambiental Ostadar en los que se trabajar\u00e1 los valores de los humedales de Navarra orientados a personas de 4 a 12 a\u00f1os aprox. Se regalar\u00e1n pegatinas, posters, gu\u00edas ornitol\u00f3gicas, revistas, d\u00edpticos, tr\u00edpticos, dibujos, etc.<\/p>\n<p><u>19,30 horas<\/u>: Charla sobre las zonas h\u00famedas de la RED NATURA 2000 en Navarra con especial atenci\u00f3n a la Laguna Dos Reinos a cargo de Jokin Larumbe (Jefe de la Secci\u00f3n de H\u00e1bitats y Biodiversidad del Gobierno de Navarra) en la Sala Multiusos.<\/p>\n<p><u>22 horas<\/u>,\u00a0<strong>Cena Popular: Parrillada argentina, y despu\u00e9s concurso karaoke<\/strong>. La cena ser\u00e1, si el tiempo lo permite, en la plaza donde comemos en fiestas, si llueve ser\u00e1 en el baile. El precio: 15 euros, consistir\u00e1 en parrillada argentina de carne, bebida y postre. Despu\u00e9s habr\u00e1 concurso de Karaoke, con premio sorpresa para quien gane. Os pod\u00e9is apuntar antes del 30 de mayo a trav\u00e9s de la web o del facebook. SI NO NOS JUNTAMOS 50 PERSONAS COMO M\u00cdNIMO NO HAREMOS LA CENA Y EL KARAOKE SE PASAR\u00c1 A LAS 17 HORAS.<\/p>\n<p><strong><u>DOMINGO 3 DE JUNIO<\/u><\/strong>:<\/p>\n<p><u>12 horas<\/u>: Charla Fomento del turismo rural y sostenible en el Valle del Arag\u00f3n a cargo de Carmen Oroz (Directora de Marketing del Departamento de Turismo del Gobierno de Navarra).<\/p>\n<p>HAZTE SOCI@ ingresando los 10 euros de cuota anual en el n\u00famero de cuenta\u00a02054 0149 83 916395046.1\u00a0de Caja Navarra, indicando nombre y direcci\u00f3n de contacto.<\/p>\n<p>&nbsp;<\/p>\n<h2>VISITA GUIADA GRATUITA EL VIERNES 6 DE ABRIL<\/h2>\n<h5>ESCRITO\u00a0EL 2 ABRIL, 2012.<\/h5>\n<p>EL VIERNES 6 TENEMOS UNA NUEVA VISITA GUIADA. OS ESPERAMOS A LAS 10 DE LA MA\u00d1ANA EN LA LAGUNA!<\/p>\n<p><img loading=\"lazy\" decoding=\"async\" class=\"alignnone size-full wp-image-477\" src=\"https:\/\/regresenger.com\/wp-content\/uploads\/2017\/12\/cartel-visita-semana-santa-2012-213x300.png\" alt=\"\" width=\"213\" height=\"300\" \/><\/p>\n<h2>presentaci\u00f3n oficial y entrega avetoro de oro<\/h2>\n<h5>ESCRITO\u00a0EL 13 NOVIEMBRE, 2011.<\/h5>\n<h3><strong>PRESENTACI\u00d3N OFICIAL DE LA ASOCIACI\u00d3N DE AMIGOS LAGUNA DOS REINOS<\/strong><\/h3>\n<p>El dia 12 de noviembre a las 6 de la tarde se celebr\u00f3 en la escuelas municipales de Figarol la presentaci\u00f3n oficial de la asociaci\u00f3n, de cara a los acontecimientos y actividades que se har\u00e1n en la celebraci\u00f3n del 50 aniversario de Figarol.<\/p>\n<p><img loading=\"lazy\" decoding=\"async\" class=\"alignnone size-full wp-image-478\" src=\"https:\/\/regresenger.com\/wp-content\/uploads\/2017\/12\/david-explicando580.jpg\" alt=\"\" width=\"580\" height=\"435\" srcset=\"https:\/\/regresenger.com\/wp-content\/uploads\/2017\/12\/david-explicando580.jpg 580w, https:\/\/regresenger.com\/wp-content\/uploads\/2017\/12\/david-explicando580-300x225.jpg 300w\" sizes=\"auto, (max-width: 580px) 100vw, 580px\" \/><\/p>\n<p>Se di\u00f3 a conocer con proyecciones de im\u00e1genes y explicaciones impartidas por el presidente de la asociaci\u00f3n David Miqueleiz , la importancia que tiene nuestra estanca y los objetivos de la asociaci\u00f3n ,que es sobre todo informar y cuidar el espacio natural que tenemos.<\/p>\n<p><strong>ACTOS REALIZADOS:<\/strong><\/p>\n<p><strong>1-PRESENTACI\u00d3N ,OBJETIVOS\u00a0 Y PROYECTO DE LA ASOCIACI\u00d3N<\/strong><\/p>\n<p><strong>2-HOMENAJE Y ENTREGA DEL AVETORO DE ORO<\/strong><\/p>\n<p>Despu\u00e9s de la presentaci\u00f3n se le homenaje\u00f3 a nuestro figarol\u00e9s m\u00e1s internacional Juan Peralta Gasc\u00f3n.El presidente de la asociaci\u00f3n David Miquel\u00e9iz tras la proyecci\u00f3n de un emotivo video sobre el campe\u00f3n, entreg\u00f3 emocionado el avetoro de oro al figarol\u00e9s Juan Peralta Gasc\u00f3n por todos sus \u00e9xitos deportivo.<\/p>\n<p><img loading=\"lazy\" decoding=\"async\" class=\"alignnone size-full wp-image-479\" src=\"https:\/\/regresenger.com\/wp-content\/uploads\/2017\/12\/foto2-500.jpg\" alt=\"\" width=\"500\" height=\"335\" srcset=\"https:\/\/regresenger.com\/wp-content\/uploads\/2017\/12\/foto2-500.jpg 500w, https:\/\/regresenger.com\/wp-content\/uploads\/2017\/12\/foto2-500-300x201.jpg 300w\" sizes=\"auto, (max-width: 500px) 100vw, 500px\" \/><\/p>\n<p>Video homenaje preparado por la Asociaci\u00f3n de Amigos Laguna Dos Reinos, repasando toda la trayectoria del tricampe\u00f3n de Espa\u00f1a.<\/p>\n<p><a href=\"https:\/\/www.youtube.com\/watch?v=c5PhC3JyKN0\">https:\/\/www.youtube.com\/watch?v=c5PhC3JyKN0<\/a><\/p>\n<p><strong>3-APERITIVO POPULAR<\/strong><\/p>\n<p>Al finalizar el acto, los numerosos asistentes degustaron un aperitivo preparados por los vecinos de la localidad.<\/p>\n<p><strong>AGRADECIMIENTOS<\/strong><\/p>\n<p>Desde la Asociaci\u00f3n queremos dar las gracias a los 26 nuevos socios(ya somos 150 socios),al Ayuntamiento de Carcastillo por los carteles, al Concejo de Figarol por cedernos el local , a los asistentes , y sobre todo a los arquitectos GUTIERREZ y MUGUETA por hacernos el proyecto de la torre y a los vecinos que colaboraron con la asociaci\u00f3n en preparar el aperitivo.<\/p>\n<h2>recuperemos la torre caracol\u2026.<\/h2>\n<h5>ESCRITO\u00a0EL 16 SEPTIEMBRE, 2011.<\/h5>\n<p>Hace muchos a\u00f1os,en la laguna de dos reinos, hubo un incendio que quem\u00f3 el embarcadero y la torre de caracol,con esfuerzo de todos\u00a0<a href=\"http:\/\/lagunadosreinos.org\/wp-content\/uploads\/2011\/09\/torre_estanca1.jpg\"><br \/>\n<\/a>podemos recuperar aquel mirador al que subiamos cuando eramos peque\u00f1os.Necesitamos fotos\u00a0 y documentos para preparar el proyecto de reconstrucci\u00f3n de la torre caracol. Agradecimientos a Sara Arlegui por estas magnificas fotos\u2026<\/p>\n<p><img loading=\"lazy\" decoding=\"async\" class=\"alignnone size-full wp-image-480\" src=\"https:\/\/regresenger.com\/wp-content\/uploads\/2017\/12\/fotofina.jpg\" alt=\"\" width=\"520\" height=\"742\" srcset=\"https:\/\/regresenger.com\/wp-content\/uploads\/2017\/12\/fotofina.jpg 520w, https:\/\/regresenger.com\/wp-content\/uploads\/2017\/12\/fotofina-210x300.jpg 210w\" sizes=\"auto, (max-width: 520px) 100vw, 520px\" \/><\/p>\n<h2>laguna dos reinos a vista de pajaro\u2026<\/h2>\n<h5>ESCRITO\u00a0EL 14 SEPTIEMBRE, 2011.<\/h5>\n<p>Vista desde el aire y esquema de la ruta ,merendero y refugio de la laguna dos reinos.<\/p>\n<p><img loading=\"lazy\" decoding=\"async\" class=\"alignnone size-full wp-image-481\" src=\"https:\/\/regresenger.com\/wp-content\/uploads\/2017\/12\/rutadesde-aire.png\" alt=\"\" width=\"600\" height=\"450\" srcset=\"https:\/\/regresenger.com\/wp-content\/uploads\/2017\/12\/rutadesde-aire.png 600w, https:\/\/regresenger.com\/wp-content\/uploads\/2017\/12\/rutadesde-aire-300x225.png 300w\" sizes=\"auto, (max-width: 600px) 100vw, 600px\" \/><\/p>\n<p>Agradecimientos a\u00a0 J.Carlos Garc\u00eda , por enviarnos las im\u00e1genes.<\/p>\n<h2>\u00a1Bienvenidos!\u2026.y somos 160 \u201camigos laguna dos reinos\u201d<\/h2>\n<h5>ESCRITO\u00a0EL 30 AGOSTO, 2011.<\/h5>\n<h4>En agosto 2011 entre varios vecinos de Figarol y Carcastillo se habl\u00f3 la posibilidad de crear una asociaci\u00f3n para dar a conocer la flora y fauna que habitan en nuestra estanca .<\/h4>\n<h4>Tenemos cerca de casa, uno de los humedales m\u00e1s importantes de Navarra siendo el AVETORO ,una especie muy rara la estrella de la laguna.<\/h4>\n<h4>-El 25 de agosto de 2011 nace la asociaci\u00f3n con una campa\u00f1a de captaci\u00f3n de socios .<\/h4>\n<h4>-El dia 24 noviembre 2011 queda registrada en el gobierno de Navarra como \u00a0\u201cASOCIACI\u00d3N AMIGOS LAGUNA DOS REINOS\u201d .<\/h4>\n<h4>-El dia 31 de Diciembre de 2011 a las 10:00h. desde el concejo de Figarol ,se har\u00e1 la primera salida a la Laguna organizada por la asociaci\u00f3n. Acude y participa, estais todos invitados.<\/h4>\n<h2><strong>SI QUIERES SER SOCIO, ANIMATE E INSCRIBETE.<\/strong><\/h2>\n<p>nuestro logo de la asociaci\u00f3n amigos laguna dos reinos<\/p>\n<p><img loading=\"lazy\" decoding=\"async\" class=\"alignnone size-full wp-image-482\" src=\"https:\/\/regresenger.com\/wp-content\/uploads\/2017\/12\/laguna-dos-reinos.jpg\" alt=\"\" width=\"460\" height=\"461\" srcset=\"https:\/\/regresenger.com\/wp-content\/uploads\/2017\/12\/laguna-dos-reinos.jpg 460w, https:\/\/regresenger.com\/wp-content\/uploads\/2017\/12\/laguna-dos-reinos-300x300.jpg 300w, https:\/\/regresenger.com\/wp-content\/uploads\/2017\/12\/laguna-dos-reinos-100x100.jpg 100w, https:\/\/regresenger.com\/wp-content\/uploads\/2017\/12\/laguna-dos-reinos-150x150.jpg 150w, https:\/\/regresenger.com\/wp-content\/uploads\/2017\/12\/laguna-dos-reinos-270x270.jpg 270w, https:\/\/regresenger.com\/wp-content\/uploads\/2017\/12\/laguna-dos-reinos-230x230.jpg 230w\" sizes=\"auto, (max-width: 460px) 100vw, 460px\" \/><\/p>\n","protected":false},"excerpt":{"rendered":"<p>La laguna de Dos Reinos tiene su origen en una peque\u00f1a zona endorreica, recrecida para riego con motivo de las obras del canal de las Bardenas y posteriormente acondicionada con fines recreativos. En 1987 fue cedida por el IRYDA al<\/p>\n","protected":false},"author":1,"featured_media":370,"parent":0,"menu_order":0,"comment_status":"closed","ping_status":"closed","template":"","meta":{"footnotes":""},"class_list":["post-512","page","type-page","status-publish","has-post-thumbnail","hentry"],"_links":{"self":[{"href":"https:\/\/regresenger.com\/index.php?rest_route=\/wp\/v2\/pages\/512","targetHints":{"allow":["GET"]}}],"collection":[{"href":"https:\/\/regresenger.com\/index.php?rest_route=\/wp\/v2\/pages"}],"about":[{"href":"https:\/\/regresenger.com\/index.php?rest_route=\/wp\/v2\/types\/page"}],"author":[{"embeddable":true,"href":"https:\/\/regresenger.com\/index.php?rest_route=\/wp\/v2\/users\/1"}],"replies":[{"embeddable":true,"href":"https:\/\/regresenger.com\/index.php?rest_route=%2Fwp%2Fv2%2Fcomments&post=512"}],"version-history":[{"count":12,"href":"https:\/\/regresenger.com\/index.php?rest_route=\/wp\/v2\/pages\/512\/revisions"}],"predecessor-version":[{"id":704,"href":"https:\/\/regresenger.com\/index.php?rest_route=\/wp\/v2\/pages\/512\/revisions\/704"}],"wp:featuredmedia":[{"embeddable":true,"href":"https:\/\/regresenger.com\/index.php?rest_route=\/wp\/v2\/media\/370"}],"wp:attachment":[{"href":"https:\/\/regresenger.com\/index.php?rest_route=%2Fwp%2Fv2%2Fmedia&parent=512"}],"curies":[{"name":"wp","href":"https:\/\/api.w.org\/{rel}","templated":true}]}}